{"id":11028,"date":"2020-07-16T06:48:03","date_gmt":"2020-07-16T05:48:03","guid":{"rendered":"http:\/\/www.fundaciontecnova.com\/?page_id=11028"},"modified":"2020-07-16T07:17:21","modified_gmt":"2020-07-16T06:17:21","slug":"projets-rd","status":"publish","type":"page","link":"https:\/\/www.fundaciontecnova.com\/fr\/projets-rd\/","title":{"rendered":"Projets R&#038;D"},"content":{"rendered":"<div class=\"wpb-content-wrapper\"><p>[vc_row css_animation=\u00a0\u00bb\u00a0\u00bb row_type=\u00a0\u00bbrow\u00a0\u00bb use_row_as_full_screen_section=\u00a0\u00bbno\u00a0\u00bb type=\u00a0\u00bbfull_width\u00a0\u00bb angled_section=\u00a0\u00bbno\u00a0\u00bb text_align=\u00a0\u00bbleft\u00a0\u00bb background_image_as_pattern=\u00a0\u00bbwithout_pattern\u00a0\u00bb][vc_column][vc_single_image image=\u00a0\u00bb9080&Prime; img_size=\u00a0\u00bbfull\u00a0\u00bb qode_css_animation=\u00a0\u00bb\u00a0\u00bb][\/vc_column][\/vc_row][vc_row css_animation=\u00a0\u00bb\u00a0\u00bb row_type=\u00a0\u00bbrow\u00a0\u00bb use_row_as_full_screen_section=\u00a0\u00bbno\u00a0\u00bb type=\u00a0\u00bbfull_width\u00a0\u00bb angled_section=\u00a0\u00bbno\u00a0\u00bb text_align=\u00a0\u00bbleft\u00a0\u00bb background_image_as_pattern=\u00a0\u00bbwithout_pattern\u00a0\u00bb][vc_column][vc_empty_space height=\u00a0\u00bb90px\u00a0\u00bb el_class=\u00a0\u00bbblk_spc\u00a0\u00bb][\/vc_column][\/vc_row][vc_row css_animation=\u00a0\u00bb\u00a0\u00bb row_type=\u00a0\u00bbrow\u00a0\u00bb use_row_as_full_screen_section=\u00a0\u00bbno\u00a0\u00bb type=\u00a0\u00bbfull_width\u00a0\u00bb angled_section=\u00a0\u00bbno\u00a0\u00bb text_align=\u00a0\u00bbleft\u00a0\u00bb background_image_as_pattern=\u00a0\u00bbwithout_pattern\u00a0\u00bb el_class=\u00a0\u00bbproyectos\u00a0\u00bb z_index=\u00a0\u00bb\u00a0\u00bb][vc_column]<div class=\"qode-advanced-tabs qode-advanced-tabs qode-advanced-horizontal-tab clearfix qode-advanced-tab-without-icon qode-advanced-tabs-column-4 clearfix\">\n\t<ul class=\"qode-advanced-tabs-nav\">\n\t\t\t\t\t<li>\n\t\t\t\t<h6>\n\t\t\t\t\t<a href=\"#tab-tous\">\n\t\t\t\t\t\t\n\t\t\t\t\t\t\t\t\t\t\t\t\t<span class=\"qode-advanced-tab-text-after-icon\">\n\t\t\t\t\t\t\t\tTous\t\t\t\t\t\t\t<\/span>\n\t\t\t\t\t\t\t\t\t\t\t<\/a>\n\t\t\t\t<\/h6>\n\t\t\t<\/li>\n\t\t\t\t\t<li>\n\t\t\t\t<h6>\n\t\t\t\t\t<a href=\"#tab-avec-les-entreprises\">\n\t\t\t\t\t\t\n\t\t\t\t\t\t\t\t\t\t\t\t\t<span class=\"qode-advanced-tab-text-after-icon\">\n\t\t\t\t\t\t\t\tAvec les Entreprises\t\t\t\t\t\t\t<\/span>\n\t\t\t\t\t\t\t\t\t\t\t<\/a>\n\t\t\t\t<\/h6>\n\t\t\t<\/li>\n\t\t\t\t\t<li>\n\t\t\t\t<h6>\n\t\t\t\t\t<a href=\"#tab-national-propre\">\n\t\t\t\t\t\t\n\t\t\t\t\t\t\t\t\t\t\t\t\t<span class=\"qode-advanced-tab-text-after-icon\">\n\t\t\t\t\t\t\t\tNational (Propre)\t\t\t\t\t\t\t<\/span>\n\t\t\t\t\t\t\t\t\t\t\t<\/a>\n\t\t\t\t<\/h6>\n\t\t\t<\/li>\n\t\t\t\t\t<li>\n\t\t\t\t<h6>\n\t\t\t\t\t<a href=\"#tab-international-propre\">\n\t\t\t\t\t\t\n\t\t\t\t\t\t\t\t\t\t\t\t\t<span class=\"qode-advanced-tab-text-after-icon\">\n\t\t\t\t\t\t\t\tInternational (Propre)\t\t\t\t\t\t\t<\/span>\n\t\t\t\t\t\t\t\t\t\t\t<\/a>\n\t\t\t\t<\/h6>\n\t\t\t<\/li>\n\t\t\t<\/ul>\n\t<div class=\"qode-advanced-tab-container\" id=\"tab-tous-253\" data-icon-pack=\"\" data-icon-html=\"\">[vc_separator type=\u00a0\u00bbnormal\u00a0\u00bb][vc_column_text]<\/p>\n<h6>Groupes op\u00e9rationnels de l\u2019Association europ\u00e9enne pour l&rsquo;innovation en mati\u00e8re de productivit\u00e9 et de durabilit\u00e9 agricoles, dans le cadre du Programme de d\u00e9veloppement rural de l\u2019Andalousie 2014-2020, lanc\u00e9s par l\u2019ordonnance r\u00e9gional du 11 ao\u00fbt 2016.<\/h6>\n<div class=\"show_more\"><p class=\"wpsm-show\" style=\"color: #12ae29; font-size: 100%; text-align: left;\"> Lire plus...<\/p><div class=\"wpsm-content\"><br \/>\nLe CT Tecnova a mis en \u0153uvre plusieurs initiatives tout au long de l\u2019ann\u00e9e 2018 dans le cadre des Groupes op\u00e9rationnels r\u00e9gionaux, financ\u00e9s par le Minist\u00e8re r\u00e9gional de l\u2019agriculture, p\u00e8che et d\u00e9veloppement rural du Gouvernement de l\u2019Andalousie, avec des fonds FEADER.<\/p>\n<p>&nbsp;<\/p>\n<p>Co-financ\u00e9 par le Fonds europ\u00e9en de d\u00e9veloppement rural (FEADER) et le Gouvernement de l\u2019Andalousie, au travers du Minist\u00e8re r\u00e9gional de l\u2019agriculture, p\u00e8che et d\u00e9veloppement rural.<br \/>\nLes Groupes op\u00e9rationnels dans lesquels le Centre est y impliqu\u00e9 sont li\u00e9s \u00e0 plusieurs th\u00e9matiques telles que la gestion de l\u2019irrigation, l\u2019application des technologies IoT, ou l\u2019optimisation dans l\u2019emploi des ressources naturelles. Tecnova a particip\u00e9 \u00e0 des projets sur les trois sous-mesures de financement disponibles pour ce type d\u2019associations.<\/p>\n<p>&nbsp;<\/p>\n<h6>Groupe op\u00e9rationnel r\u00e9gional L1 \u2013 \u00abOUTILS TIC POUR L\u2019ETIQUETAGE INTELLIGENT DE LA PRODUCTION HORTICOLE DURABLE &#8211; e-TIC4FOOD\u00bb<\/h6>\n<p>&nbsp;<\/p>\n<p>Tecnova participe, avec HISPATEC, CAPARROS NATURE et PITA, au d\u00e9veloppement de ce projet visant \u00e0 r\u00e9pondre aux demandes du consommateur plus social, et est engag\u00e9e avec l\u2019environnement au travers d\u2019un \u00e9tiquetage intelligent pour les produits horticoles dans le but d\u2019offrir de la valeur ajout\u00e9e au march\u00e9.<\/p>\n<p>&nbsp;<\/p>\n<h6>Groupe op\u00e9rationnel r\u00e9gional L2 \u2013 \u00abINNOVATION DANS LA PRODUCTION ET TRANSFORMATION ADAPT\u00c9ES AU CHANGEMENT CLIMATIQUE \u2013 P\u00c9CAN\u00bb<\/h6>\n<p>&nbsp;<\/p>\n<p>Le CT Tecnova participe \u00e0 ce projet, avec le GROUPE DE DEVELOPPEMENT RURAL VALLE DEL GUADALHORCE, Pecan del Sur S.L., Jose Miguel Guzm\u00e1n Rueda et Juan Carlos Perez Gonz\u00e1lez. Il compte aussi sur la collaboration de IFAPA Churriana (Institut de formation en mati\u00e8re agricole et de la p\u00eache du Gouvernement de l\u2019Andalousie), l\u2019Association de p\u00e2tissiers de Malaga et Dolores Sol\u00eds Morales.<\/p>\n<p>&nbsp;<\/p>\n<p>Son but est celui de consolider l\u2019impl\u00e9mentation de la production du p\u00e9can dans l\u2019horticulture andalouse. Une \u00e9tude agro\u00e9conomique, environnementale et sociale va \u00eatre r\u00e9alis\u00e9e sur les cultures les plus anciennes pour transf\u00e9rer cette information au secteur agroalimentaire comme alternative rentable.<\/p>\n<p>&nbsp;<\/p>\n<p>Comme r\u00e9sultat final li\u00e9 \u00e0 l\u2019application des ces technologies on trouve la p\u00e2tisserie saine, dans un pari sur la cr\u00e9ation de nouveaux produits sains du point de vue cardiovasculaire, en incr\u00e9mentant leur valeur ajout\u00e9e.<\/p>\n<p>&nbsp;<\/p>\n<p> <p class=\"wpsm-hide\" style=\"color: #12ae29; font-size: 100%; text-align: left;\"> En lire moins<\/p><\/div><\/div>[\/vc_column_text][vc_separator type=\u00a0\u00bbnormal\u00a0\u00bb][vc_column_text]<\/p>\n<h6>Programme national de RDI ax\u00e9 aux d\u00e9fis de la soci\u00e9t\u00e9 \u2013 \u00abRetos colaboraci\u00f3n\u00bb<\/h6>\n<div class=\"show_more\"><p class=\"wpsm-show\" style=\"color: #12ae29; font-size: 100%; text-align: left;\"> Lire plus...<\/p><div class=\"wpsm-content\">\n<p>&nbsp;<\/p>\n<h6>\u00abD\u00c9VELOPPEMENT DES SOLUTIONS DE FAST HEALTHY FOOD \u00c0 TRAVERS UNE GAMME D\u2019AP\u00c9RITIFS SAINS\u00bb<\/h6>\n<p>&nbsp;<\/p>\n<p>L\u2019objectif de ce projet est de d\u00e9velopper un nouveau mod\u00e8le de distributeur automatique \u00e0 travers le d\u00e9veloppement d\u2019une nouvelle gamme de produits sains type snack (fruits et l\u00e9gumes croustillants) qui peuvent \u00eatre combin\u00e9s avec une sauce (guacamole, humus, etc.) et un accompagnement (fruits et l\u00e9gumes coup\u00e9s, rafra\u00eechissements \u00e0 base de fruits et l\u00e9gumes) adapt\u00e9s aux gouts des consommateurs, qui seront disponibles pour le publique gr\u00e2ce \u00e0 une machine de distribution automatique qui permettra de choisir la combinaison des aliments souhait\u00e9e.<\/p>\n<p>&nbsp;<\/p>\n<p>Le partenariat est compos\u00e9 par l\u2019entreprise Natural Crunch, avec la participation de Eficold, Ecosur, le CT Tecnova et IAT. Le projet a \u00e9t\u00e9 financ\u00e9 dans le cadre du Programme national de RDI \u00ab\u00a0Retos de la Sociedad \u2013 Retos Colaboraci\u00f3n 2016\u00a0\u00bb, avec des fonds du Minist\u00e8re national de l\u2019\u00e9conomie et la comp\u00e9titivit\u00e9 et les Fonds europ\u00e9en de d\u00e9veloppement r\u00e9gional. Il se trouve dans la deuxi\u00e8me ann\u00e9e d\u2019ex\u00e9cution.<\/p>\n<p>&nbsp;<\/p>\n<p> <p class=\"wpsm-hide\" style=\"color: #12ae29; font-size: 100%; text-align: left;\"> En lire moins<\/p><\/div><\/div>[\/vc_column_text][vc_separator type=\u00a0\u00bbnormal\u00a0\u00bb][vc_column_text]<\/p>\n<h6>Programme cadre 2014-2020 de recherche et innovation.<\/h6>\n<div class=\"show_more\"><p class=\"wpsm-show\" style=\"color: #12ae29; font-size: 100%; text-align: left;\"> Lire plus...<\/p><div class=\"wpsm-content\">\n<p>&nbsp;<\/p>\n<h6>\u00abPAN-EUROPEAN CLUSTERS FOR TECHNOLOGY TRANSFER AND NEW VALUE CHAINS \u2013 ACTTIVATE\u00bb<\/h6>\n<p>&nbsp;<\/p>\n<p><img fetchpriority=\"high\" decoding=\"async\" class=\"img alignleft wp-image-9918 size-medium\" src=\"\/wp-content\/uploads\/2020\/04\/ACTTIVATE-300x225.jpg\" alt=\"Tecnova\" width=\"300\" height=\"225\" srcset=\"https:\/\/www.fundaciontecnova.com\/wp-content\/uploads\/2020\/04\/ACTTIVATE-300x225.jpg 300w, https:\/\/www.fundaciontecnova.com\/wp-content\/uploads\/2020\/04\/ACTTIVATE-600x450.jpg 600w, https:\/\/www.fundaciontecnova.com\/wp-content\/uploads\/2020\/04\/ACTTIVATE-768x576.jpg 768w, https:\/\/www.fundaciontecnova.com\/wp-content\/uploads\/2020\/04\/ACTTIVATE-1536x1152.jpg 1536w, https:\/\/www.fundaciontecnova.com\/wp-content\/uploads\/2020\/04\/ACTTIVATE-2048x1536.jpg 2048w, https:\/\/www.fundaciontecnova.com\/wp-content\/uploads\/2020\/04\/ACTTIVATE-800x600.jpg 800w, https:\/\/www.fundaciontecnova.com\/wp-content\/uploads\/2020\/04\/ACTTIVATE-700x525.jpg 700w\" sizes=\"(max-width: 300px) 100vw, 300px\" \/>Le CT Tecnova participe \u00e0 ce projet du Programme H2020 (INNOSUP-1-2015), qui compte sur l\u2019implication de 13 partenaires et dont le but est celui d\u2019encourager l\u2019innovation entrepreneuriale parmi les PMEs de quatre secteurs diff\u00e9rents\u00a0: le secteur a\u00e9rospatiale, l\u2019agroalimentaire, l\u2019alimentation et la sant\u00e9 et les TICs.<\/p>\n<p>&nbsp;<\/p>\n<p>Le projet cherche de transf\u00e9rer des connaissances et des technologies utiles entre les diff\u00e9rents secteurs.<\/p>\n<p>&nbsp;<\/p>\n<p>Il s\u2019attache \u00e0 la cr\u00e9ation des strat\u00e9gies permettant aux groupes impliqu\u00e9s de cr\u00e9er de nouveaux services et produits et donc de g\u00e9n\u00e9rer de nouvelles chaines de valeur dans les industries naissantes dans l\u2019ensemble de l\u2019Europe. Le projet se trouve dans le troisi\u00e8me et derni\u00e8re ann\u00e9e d\u2019ex\u00e9cution.<\/p>\n<div style=\"clear: both;\"><\/div>\n<p>&nbsp;<\/p>\n<h6>\u00abINTERNET OF FOOD &amp; FARM 2020\u00bb<\/h6>\n<p>&nbsp;<\/p>\n<p><img decoding=\"async\" class=\"img alignleft wp-image-9915 size-medium\" src=\"\/wp-content\/uploads\/2020\/04\/INTERNET-OF-FOOD-AND-FARM-2020-300x168.jpg\" alt=\"Tecnova\" width=\"300\" height=\"168\" srcset=\"https:\/\/www.fundaciontecnova.com\/wp-content\/uploads\/2020\/04\/INTERNET-OF-FOOD-AND-FARM-2020-300x168.jpg 300w, https:\/\/www.fundaciontecnova.com\/wp-content\/uploads\/2020\/04\/INTERNET-OF-FOOD-AND-FARM-2020-600x336.jpg 600w, https:\/\/www.fundaciontecnova.com\/wp-content\/uploads\/2020\/04\/INTERNET-OF-FOOD-AND-FARM-2020-768x430.jpg 768w, https:\/\/www.fundaciontecnova.com\/wp-content\/uploads\/2020\/04\/INTERNET-OF-FOOD-AND-FARM-2020-700x392.jpg 700w, https:\/\/www.fundaciontecnova.com\/wp-content\/uploads\/2020\/04\/INTERNET-OF-FOOD-AND-FARM-2020-539x303.jpg 539w, https:\/\/www.fundaciontecnova.com\/wp-content\/uploads\/2020\/04\/INTERNET-OF-FOOD-AND-FARM-2020.jpg 868w\" sizes=\"(max-width: 300px) 100vw, 300px\" \/>Le CT Tecnova participe \u00e0 ce projet dirig\u00e9 par l\u2019Universit\u00e9 de Wageningen (Pays Bas). Avec la participation de 72 partenaires, il est encadr\u00e9 dans le topic IoT-01- 2016 \u2013 Large Scale Pilots de H2020 dans l\u2019appel \u00e0 projets Internet of Things (IoT) de la Commission europ\u00e9enne.<\/p>\n<p>&nbsp;<\/p>\n<p>L\u2019objectif est li\u00e9 \u00e0 l\u2019acc\u00e9l\u00e9ration de l\u2019adoption de la technologie IoT dans le secteur agroalimentaire au niveau europ\u00e9en, pour accro\u00eetre la s\u00e9curit\u00e9 et sant\u00e9 des aliments, ainsi que la comp\u00e9titivit\u00e9 des entreprises. Le projet se trouve dans la deuxi\u00e8me ann\u00e9e d\u2019ex\u00e9cution.<\/p>\n<div style=\"clear: both;\"><\/div>\n<p>&nbsp;<\/p>\n<p> <p class=\"wpsm-hide\" style=\"color: #12ae29; font-size: 100%; text-align: left;\"> En lire moins<\/p><\/div><\/div>[\/vc_column_text][vc_separator type=\u00a0\u00bbnormal\u00a0\u00bb][vc_column_text]<\/p>\n<h6>Agence espagnole de coop\u00e9ration internationale pour le d\u00e9veloppement. Minist\u00e8re national des affaires \u00e9trang\u00e8res et de coop\u00e9ration. Appel \u00e0 des actions d\u2019innovation pour le d\u00e9veloppement.<\/h6>\n<div class=\"show_more\"><p class=\"wpsm-show\" style=\"color: #12ae29; font-size: 100%; text-align: left;\"> Lire plus...<\/p><div class=\"wpsm-content\">\n<p>&nbsp;<\/p>\n<h6>\u00abAGRISECH\u00a0: IMPLEMENTATION D\u2019UN NOUVEAU SYST\u00c8ME EN CULTURE SOUS ABRI \u00c0 SECHURA\u00bb<\/h6>\n<p>&nbsp;<\/p>\n<p><img decoding=\"async\" class=\"img alignleft wp-image-9920 size-medium\" src=\"\/wp-content\/uploads\/2020\/04\/AGRISECH-300x225.jpg\" alt=\"Tecnova\" width=\"300\" height=\"225\" srcset=\"https:\/\/www.fundaciontecnova.com\/wp-content\/uploads\/2020\/04\/AGRISECH-300x225.jpg 300w, https:\/\/www.fundaciontecnova.com\/wp-content\/uploads\/2020\/04\/AGRISECH-600x450.jpg 600w, https:\/\/www.fundaciontecnova.com\/wp-content\/uploads\/2020\/04\/AGRISECH-768x576.jpg 768w, https:\/\/www.fundaciontecnova.com\/wp-content\/uploads\/2020\/04\/AGRISECH-800x600.jpg 800w, https:\/\/www.fundaciontecnova.com\/wp-content\/uploads\/2020\/04\/AGRISECH-700x525.jpg 700w, https:\/\/www.fundaciontecnova.com\/wp-content\/uploads\/2020\/04\/AGRISECH.jpg 1280w\" sizes=\"(max-width: 300px) 100vw, 300px\" \/>Approuv\u00e9 par l\u2019Agence espagnole de coop\u00e9ration internationale pour le d\u00e9veloppement (AECID), l\u2019objectif de ce projet est de promouvoir le d\u00e9veloppement socio\u00e9conomique de Sechura, une province d\u00e9sertique situ\u00e9e dans la c\u00f4te nord-est du P\u00e9rou, \u00e0 travers la conception et d\u00e9veloppement d\u2019un projet pilote de production sous serre bas\u00e9 sur l\u2019exp\u00e9rience gagn\u00e9e dans le mod\u00e8le Almeria, en prouvant son haut niveau d\u2019efficience pour l\u2019optimisation dans l\u2019emploi des ressources naturelles (eau, sol, \u00e9nergies renouvelables, \u2026) et des intrants agricoles (fertilisants, produits phytosanitaires, \u2026), ainsi que pour l\u2019augmentation des niveaux de performance, productivit\u00e9 et diversification de la production. Le projet, dirig\u00e9 par le CT Tecnova, sera d\u00e9velopp\u00e9 en collaboration avec l\u2019Universit\u00e9 d\u2019Almeria, et son D\u00e9partement des projets d\u2019ing\u00e9nierie, et la Fondation communale San Mart\u00edn de Sechura, avec l\u2019entreprise p\u00e9ruvienne LAL-Laos Aguilar.<\/p>\n<div style=\"clear: both;\"><\/div>\n<p>&nbsp;<\/p>\n<p> <p class=\"wpsm-hide\" style=\"color: #12ae29; font-size: 100%; text-align: left;\"> En lire moins<\/p><\/div><\/div>[\/vc_column_text][vc_separator type=\u00a0\u00bbnormal\u00a0\u00bb][vc_column_text]<\/p>\n<h6>Programme national d\u2019innovation agricole du P\u00e9rou, projets de recherche strat\u00e9gique.<\/h6>\n<div class=\"show_more\"><p class=\"wpsm-show\" style=\"color: #12ae29; font-size: 100%; text-align: left;\"> Lire plus...<\/p><div class=\"wpsm-content\">\n<p>&nbsp;<\/p>\n<h6>\u00abIMPL\u00c9MENTATION DE TECHNIQUES ZERO D\u00c9CHET POUR LA DURABILIT\u00c9 DES PRODUCTEURS DE RAISIN BLANC DE LA R\u00c9GION D\u2019ICA \u2013 UVASANA\u00bb<\/h6>\n<p>&nbsp;<\/p>\n<p><img loading=\"lazy\" decoding=\"async\" class=\"img alignleft wp-image-9922 size-medium\" src=\"\/wp-content\/uploads\/2020\/04\/UVA-SANA-300x225.jpg\" alt=\"Tecnova\" width=\"300\" height=\"225\" srcset=\"https:\/\/www.fundaciontecnova.com\/wp-content\/uploads\/2020\/04\/UVA-SANA-300x225.jpg 300w, https:\/\/www.fundaciontecnova.com\/wp-content\/uploads\/2020\/04\/UVA-SANA-600x450.jpg 600w, https:\/\/www.fundaciontecnova.com\/wp-content\/uploads\/2020\/04\/UVA-SANA-768x576.jpg 768w, https:\/\/www.fundaciontecnova.com\/wp-content\/uploads\/2020\/04\/UVA-SANA-1536x1152.jpg 1536w, https:\/\/www.fundaciontecnova.com\/wp-content\/uploads\/2020\/04\/UVA-SANA-2048x1536.jpg 2048w, https:\/\/www.fundaciontecnova.com\/wp-content\/uploads\/2020\/04\/UVA-SANA-800x600.jpg 800w, https:\/\/www.fundaciontecnova.com\/wp-content\/uploads\/2020\/04\/UVA-SANA-700x525.jpg 700w\" sizes=\"(max-width: 300px) 100vw, 300px\" \/><\/p>\n<p>Ce projet a \u00e9t\u00e9 propos\u00e9 entre le centre technologique p\u00e9ruvien CITE Agroindustrial et Tecnova, dans le cadre de l\u2019appel \u00e0 projets PNIA dans le but de d\u00e9velopper des strat\u00e9gies de contr\u00f4le biologique pour la lutte contre les maladies et ravageurs dans les cultures de raisin \u00e0 consommation en frais et pour la production de Pisco dans la r\u00e9gion d\u2019Ica, ainsi que d\u2019am\u00e9liorer la durabilit\u00e9 de ce syst\u00e8me de production \u00e0 travers la mise en place des techniques agricoles z\u00e9ro d\u00e9chet visant \u00e0 r\u00e9pondre aux soucis environnementaux de la part des consommateurs.<\/p>\n<p>&nbsp;<\/p>\n<p>UVASANA est b\u00e9n\u00e9ficiaire du Programme national d\u2019innovation agricole \u2013 PNIA, sur sa ligne de projets de recherche strat\u00e9gique.<\/p>\n<div style=\"clear: both;\"><\/div>\n<p>&nbsp;<\/p>\n<p> <p class=\"wpsm-hide\" style=\"color: #12ae29; font-size: 100%; text-align: left;\"> En lire moins<\/p><\/div><\/div>[\/vc_column_text][vc_separator type=\u00a0\u00bbnormal\u00a0\u00bb][vc_column_text]<\/p>\n<h6>D\u00e9veloppement d\u2019un syst\u00e8me de contr\u00f4le d\u2019irrigation pour production sous serre \u00e0 travers un mod\u00e8le d\u2019\u00e9vapotranspiration et un syst\u00e8me de mapping 3D-ET-3D<\/h6>\n<div class=\"show_more\"><p class=\"wpsm-show\" style=\"color: #12ae29; font-size: 100%; text-align: left;\"> Lire plus...<\/p><div class=\"wpsm-content\">\n<p>&nbsp;<\/p>\n<p><img loading=\"lazy\" decoding=\"async\" class=\"img alignleft wp-image-9924 size-medium\" src=\"\/wp-content\/uploads\/2020\/04\/ET3D-300x200.jpg\" alt=\"Tecnova\" width=\"300\" height=\"200\" srcset=\"https:\/\/www.fundaciontecnova.com\/wp-content\/uploads\/2020\/04\/ET3D-300x200.jpg 300w, https:\/\/www.fundaciontecnova.com\/wp-content\/uploads\/2020\/04\/ET3D-600x400.jpg 600w, https:\/\/www.fundaciontecnova.com\/wp-content\/uploads\/2020\/04\/ET3D-768x512.jpg 768w, https:\/\/www.fundaciontecnova.com\/wp-content\/uploads\/2020\/04\/ET3D-1536x1024.jpg 1536w, https:\/\/www.fundaciontecnova.com\/wp-content\/uploads\/2020\/04\/ET3D-2048x1365.jpg 2048w, https:\/\/www.fundaciontecnova.com\/wp-content\/uploads\/2020\/04\/ET3D-700x467.jpg 700w\" sizes=\"(max-width: 300px) 100vw, 300px\" \/>L\u2019objectif principal du projet 3D-ET-3D est de d\u00e9velopper un syst\u00e8me de gestion de l\u2019irrigation, qui permettra la mise en place d\u2019un nouvel algorithme pour calculer l\u2019\u00e9vapotranspiration afin de conna\u00eetre plus en d\u00e9tail les meilleurs moments pour l\u2019irrigation.<\/p>\n<p>&nbsp;<\/p>\n<p>Le projet est actuellement en cours d\u2019ex\u00e9cution dans le Centre d\u2019exp\u00e9rimentation de Tecnova, gr\u00e2ce \u00e0 la collaboration hispano-cor\u00e9enne entre les entit\u00e9s NAZAR\u00cdES IT, l\u2019Institut cor\u00e9en de science et technologie (KIST) et NARETRENDS, avec l\u2019appui financier octroy\u00e9 dans le cadre de l\u2019appel \u00e0 projets EUREKA par CDTI (Centre pour le d\u00e9veloppement technologique industriel de l\u2019Espagne) et son homologue cor\u00e9en.<\/p>\n<div style=\"clear: both;\"><\/div>\n<p>&nbsp;<\/p>\n<p> <p class=\"wpsm-hide\" style=\"color: #12ae29; font-size: 100%; text-align: left;\"> En lire moins<\/p><\/div><\/div>[\/vc_column_text][vc_separator type=\u00a0\u00bbnormal\u00a0\u00bb][vc_column_text]<\/p>\n<h6>Syst\u00e8me automatique de gestion de l\u2019irrigation sur la base des donn\u00e9es concernant l\u2019ouverture des stomates<\/h6>\n<div class=\"show_more\"><p class=\"wpsm-show\" style=\"color: #12ae29; font-size: 100%; text-align: left;\"> Lire plus...<\/p><div class=\"wpsm-content\">\n<p>&nbsp;<\/p>\n<p>Tecnova collabore avec l\u2019entreprise Maher Electronica Aplicada et l\u2019Ecole sup\u00e9rieure d\u2019ing\u00e9nieurs de Medjez El Bab en Tunisie, dans le projet STOMATIC, approuv\u00e9 dans le cadre de l\u2019appel \u00e0 projets internationaux unilat\u00e9raux Espagne-Tunisie, de CDTI (Centre pour le d\u00e9veloppement technologique industriel de l\u2019Espagne). Le projet STOMATIC vise \u00e0 d\u00e9velopper un nouveau contr\u00f4leur d\u2019irrigation capable de g\u00e9rer automatiquement les activations de l\u2019irrigation, en \u00e9tablissant la fr\u00e9quence de l\u2019apport hydrique, sur la base des param\u00e8tres physiologiques des plantes (ouverture des stomates). Ce projet est cofinanc\u00e9 par des fonds FEDER.<\/p>\n<p>&nbsp;<\/p>\n<p> <p class=\"wpsm-hide\" style=\"color: #12ae29; font-size: 100%; text-align: left;\"> En lire moins<\/p><\/div><\/div>[\/vc_column_text][vc_separator type=\u00a0\u00bbnormal\u00a0\u00bb][vc_column_text]<\/p>\n<h6>Projets strategiques CIEN<\/h6>\n<div class=\"show_more\"><p class=\"wpsm-show\" style=\"color: #12ae29; font-size: 100%; text-align: left;\"> Lire plus...<\/p><div class=\"wpsm-content\">\n<p>&nbsp;<\/p>\n<p>Cofinanc\u00e9s par les Fonds europ\u00e9en de d\u00e9veloppement regional (FEDER) \u00e0 travers le Programme strat\u00e9gique CIEN de CDTI (Centre pour le d\u00e9veloppement technologique industriel de l\u2019Espagne).<\/p>\n<p>&nbsp;<\/p>\n<h6>AGRONAUTA: \u00abAUTOMATISATION DES T\u00c2CHES AGRICOLES DANS DES EXPLOTATIONS AGRICOLES INTENSIVES GR\u00c2CE \u00c0 LA ROBOTIQUE\u00bb<\/h6>\n<p>&nbsp;<\/p>\n<p><img loading=\"lazy\" decoding=\"async\" class=\"img alignleft wp-image-9925 size-medium\" src=\"\/wp-content\/uploads\/2020\/04\/AGRONAUTA-300x169.jpg\" alt=\"Tecnova\" width=\"300\" height=\"169\" srcset=\"https:\/\/www.fundaciontecnova.com\/wp-content\/uploads\/2020\/04\/AGRONAUTA-300x169.jpg 300w, https:\/\/www.fundaciontecnova.com\/wp-content\/uploads\/2020\/04\/AGRONAUTA-600x337.jpg 600w, https:\/\/www.fundaciontecnova.com\/wp-content\/uploads\/2020\/04\/AGRONAUTA-768x432.jpg 768w, https:\/\/www.fundaciontecnova.com\/wp-content\/uploads\/2020\/04\/AGRONAUTA-1536x864.jpg 1536w, https:\/\/www.fundaciontecnova.com\/wp-content\/uploads\/2020\/04\/AGRONAUTA-2048x1151.jpg 2048w, https:\/\/www.fundaciontecnova.com\/wp-content\/uploads\/2020\/04\/AGRONAUTA-700x394.jpg 700w, https:\/\/www.fundaciontecnova.com\/wp-content\/uploads\/2020\/04\/AGRONAUTA-539x303.jpg 539w\" sizes=\"(max-width: 300px) 100vw, 300px\" \/>Cette initiative se base sur la transformation du mod\u00e8le de production des tomates en grappes car on offrira au secteur une solution technologique innovante\u00a0: la r\u00e9colte et confection des grappes des tomates in situ (dans la serre) \u00e0 travers un syst\u00e8me robotique portable, soutenu par un environnement de production intelligent.<\/p>\n<p>&nbsp;<\/p>\n<p>Les participants du projet AGRONAUTA sont\u00a0: SERFRUIT, S.A., Tecnolog\u00edas de Automatizaci\u00f3n y Control, S.A. (TAUCON), Ingenier\u00eda de Aplicaciones, S.A (IDASA), Grupo HISPATEC Inform\u00e1tica Empresarial, S.A.U., Novedades Agr\u00edcolas, S.A., Sistema AZUD, S.A., et ULMA Packaging S.COOP. En colaboration avec sept organismos de recherche: Fundaci\u00f3n Tecnova, Universidad de Almer\u00eda, Fundaci\u00f3n Tecnalia Research &amp; Innovation, Universitat de Girona, CEBAS-CSIC, ULMA Technological Center et IK4-IKERLAN. Le projet se trouve dans sa quatri\u00e8me ann\u00e9e d\u2019ex\u00e9cution, dans la phase de prototypage.<\/p>\n<div style=\"clear: both;\"><\/div>\n<p>&nbsp;<\/p>\n<h6>GLOBALVITI \u00abSOLUTION GLOBALE POUR AM\u00c9LIORER LA PRODUCTION DE VIN FACE AU CHANGEMENT CLIMATIQUE\u00bb<\/h6>\n<p>&nbsp;<\/p>\n<p><img loading=\"lazy\" decoding=\"async\" class=\"img alignleft wp-image-9926 size-medium\" src=\"\/wp-content\/uploads\/2020\/04\/GLOBAVITI-300x92.jpg\" alt=\"Tecnova\" width=\"300\" height=\"92\" srcset=\"https:\/\/www.fundaciontecnova.com\/wp-content\/uploads\/2020\/04\/GLOBAVITI-300x92.jpg 300w, https:\/\/www.fundaciontecnova.com\/wp-content\/uploads\/2020\/04\/GLOBAVITI-600x185.jpg 600w, https:\/\/www.fundaciontecnova.com\/wp-content\/uploads\/2020\/04\/GLOBAVITI-700x216.jpg 700w, https:\/\/www.fundaciontecnova.com\/wp-content\/uploads\/2020\/04\/GLOBAVITI.jpg 756w\" sizes=\"(max-width: 300px) 100vw, 300px\" \/>Le projet GLOBALVITI a pour but de positionner le secteur vitivinicole national comme r\u00e9f\u00e9rence au niveau mondial dans la recherche et proposition de solutions et alternatives techniques innovantes et durables, dans un contexte de changement climatique, tant par rapport \u00e0 la gestion int\u00e9grale du vignoble qu\u2019aux processus de vinification en appliquant des technologies \u00e9mergentes transversales (IoT et Big Data, Robotique, Biotechnologie et Biologie mol\u00e9culaire) pour faciliter la transition digitale des caves espagnoles.<\/p>\n<p>&nbsp;<\/p>\n<p>Le consortium est compos\u00e9 des caves et des entreprises de l\u2019industrie auxiliaire du secteur vitivinicole :\u00a0JUVE&amp;-CAMPS S.A., BODEGAS MARTIN CODAX S.A.U., BODEGAS RAMON BILBAO, S.A., PAGO DE CARRAOVEJAS S.L. y MIGUEL TORRES S.A., VIVEROS VILLANUEVA VIDES S.L. GRUPO HISPATEC I.E., S.A. et PELLENC IBERICA S.L. En outre, treize centres de recherche y participent parmi lesquels le CT Tecnova.<\/p>\n<div style=\"clear: both;\"><\/div>\n<p>&nbsp;<\/p>\n<p> <p class=\"wpsm-hide\" style=\"color: #12ae29; font-size: 100%; text-align: left;\"> En lire moins<\/p><\/div><\/div>[\/vc_column_text][vc_separator type=\u00a0\u00bbnormal\u00a0\u00bb][vc_column_text]<\/p>\n<h6>Projets CDTI<\/h6>\n<div class=\"show_more\"><p class=\"wpsm-show\" style=\"color: #12ae29; font-size: 100%; text-align: left;\"> Lire plus...<\/p><div class=\"wpsm-content\">\n<p>&nbsp;<\/p>\n<p>Dans le cadre de l\u2019appel \u00e0 projets de R&amp;D, financ\u00e9 par CDTI, avec le soutien du Minist\u00e8re espagnol de l\u2019\u00e9conomie et comp\u00e9titivit\u00e9 et cofinanc\u00e9 avec des fonds FEDER.<\/p>\n<p>&nbsp;<\/p>\n<h6>\u00abD\u00c9VELOPPEMENT D\u2019UNE NOUVELLE GAMME DE CR\u00c8MES D\u2019AVOCAT SAINES ADAPT\u00c9E \u00c0 DES EXIGENCES NUTRITIONELLES SPECIFIQUES\u00bb<\/h6>\n<p>&nbsp;<\/p>\n<p>Ce projet, qui est dirig\u00e9 par l\u2019entreprise Frumaco, est n\u00e9 suite \u00e0 la perte de qualit\u00e9 sensorielle des aliments transform\u00e9s \u00e0 base d\u2019avocats commerciaux, dans le but de d\u00e9velopper et mettre en place \u00e0 l\u2019\u00e9chelle industrielle un nouveau syst\u00e8me de production d\u2019une gamme de cr\u00e8mes v\u00e9g\u00e9tales saines \u00e0 base d\u2019avocat comme ingr\u00e9dient principal.<\/p>\n<p>&nbsp;<\/p>\n<p>Le projet compte sur le soutien technique du Centre technologique Tecnova et est encadr\u00e9 dans l\u2019appel \u00e0 projets de R&amp;D, financ\u00e9 par CDTI, avec le soutien du Minist\u00e8re de l\u2019\u00e9conomie et comp\u00e9titivit\u00e9 et cofinanc\u00e9 avec des fonds structurels de l\u2019Union europ\u00e9enne, plus pr\u00e9cis\u00e9ment sur le Programme op\u00e9rationnel de croissance intelligente 2014-2020\u00bb.<\/p>\n<div style=\"clear: both;\"><\/div>\n<p>&nbsp;<\/p>\n<h6>\u00abD\u00c9VELOPPEMENT D\u2019UN NOUVEAU SYST\u00c8ME POUR CR\u00c9ER UNE NOUVELLE LIGNE DE POIVRON ECOLOGIQUE FONCTIONEL BAS\u00c9 SUR DES TECHNOLOGIES PROPRES \u2013 PEPPERNATURE\u00bb<\/h6>\n<p>&nbsp;<\/p>\n<p><img loading=\"lazy\" decoding=\"async\" class=\"img alignleft wp-image-9927 size-medium\" src=\"\/wp-content\/uploads\/2020\/04\/PEPPERNATUR-300x200.jpg\" alt=\"Tecnova\" width=\"300\" height=\"200\" srcset=\"https:\/\/www.fundaciontecnova.com\/wp-content\/uploads\/2020\/04\/PEPPERNATUR-300x200.jpg 300w, https:\/\/www.fundaciontecnova.com\/wp-content\/uploads\/2020\/04\/PEPPERNATUR-600x400.jpg 600w, https:\/\/www.fundaciontecnova.com\/wp-content\/uploads\/2020\/04\/PEPPERNATUR-768x512.jpg 768w, https:\/\/www.fundaciontecnova.com\/wp-content\/uploads\/2020\/04\/PEPPERNATUR-1536x1024.jpg 1536w, https:\/\/www.fundaciontecnova.com\/wp-content\/uploads\/2020\/04\/PEPPERNATUR-2048x1365.jpg 2048w, https:\/\/www.fundaciontecnova.com\/wp-content\/uploads\/2020\/04\/PEPPERNATUR-700x467.jpg 700w\" sizes=\"(max-width: 300px) 100vw, 300px\" \/>L\u2019objectif g\u00e9n\u00e9ral de PEPPERNATUR, men\u00e9 par l\u2019entreprise Agroponiente Natural Produce S.L et avec la collaboration du CT Tecnova, est de concevoir un nouveau syst\u00e8me pour la production d\u2019une nouvelle gamme de poivron \u00e9cologique \u00e0 haute valeur fonctionnelle d\u00e9velopp\u00e9 \u2018a travers la mise en place des strat\u00e9gies biotechnologiques, agricoles et apr\u00e8s-r\u00e9colte sur les diff\u00e9rentes phases de la chaine de valeur bas\u00e9es sur des technologies propres.<\/p>\n<div style=\"clear: both;\"><\/div>\n<p>&nbsp;<\/p>\n<h6>\u00abCONCEPTION D\u2019UN NOUVEU INGREDIENT \u00c0 BASE D\u2019ALGUE LAMINARIA JAPONICA \u2013 ALGASANUM\u00bb<\/h6>\n<p>&nbsp;<\/p>\n<p>Ce projet, men\u00e9 par l\u2019entreprise DIVINGMAR, avec le soutien financier du Centre pour le d\u00e9veloppement technologique industriel (CDTI) et la collaboration technique du Centre technologique Tecnova, vise \u00e0 concevoir et d\u00e9velopper le processus technologique pour obtenir un nouvel ingr\u00e9dient alimentaire \u00e0 base d\u2019algue laminaria japonica, permettant de r\u00e9duire le contenu en sodium pour la pr\u00e9paration d\u2019aliments transform\u00e9s.<\/p>\n<div style=\"clear: both;\"><\/div>\n<p>&nbsp;<\/p>\n<p> <p class=\"wpsm-hide\" style=\"color: #12ae29; font-size: 100%; text-align: left;\"> En lire moins<\/p><\/div><\/div>[\/vc_column_text][vc_separator type=\u00a0\u00bbnormal\u00a0\u00bb][vc_column_text]<\/p>\n<h6>Projets FEDER INTERCONECTA<\/h6>\n<div class=\"show_more\"><p class=\"wpsm-show\" style=\"color: #12ae29; font-size: 100%; text-align: left;\"> Lire plus...<\/p><div class=\"wpsm-content\">\n<p>&nbsp;<\/p>\n<p>L\u2019objectif principal du projet est de d\u00e9velopper une solution de gestion pour l\u2019am\u00e9lioration qualitative et quantitative de la production horticole, par le biais d\u2019un syst\u00e8me d\u2019apprentissage syst\u00e9matique facilitant la t\u00e9l\u00e9commande et m\u00eame l\u2019automatisation des op\u00e9rations ou des recommandations dans les serres.<\/p>\n<p>&nbsp;<\/p>\n<p>Dans le cadre de l\u2019appel FEDER INTERCONECTA 2018, financ\u00e9 par le CDTI (Centre pour le d\u00e9veloppement technologique industriel de l\u2019Espagne), avec le soutien du Minist\u00e8re espagnol de l\u2019\u00e9conomie et la comp\u00e9titivit\u00e9 et cofinanc\u00e9 avec des Fonds structurels de l\u2019Union europ\u00e9enne sur le Programme op\u00e9rationnel de croissance intelligente 2014-2020.<\/p>\n<p>&nbsp;<\/p>\n<h6>MORE-THAN-CLEAN\u00a0: D\u00c9VELOPPEMENT DES TRAITEMENTS ET TECHNOLOGIE D\u2019ACTION AU NIVEAU INTERSTITIEL DES TISSUS HORTICOLES SENSIBLES POUR LA REDUCTION DES PHYTOPATHOLOGIES<\/h6>\n<p>&nbsp;<\/p>\n<p><img loading=\"lazy\" decoding=\"async\" class=\"img alignleft wp-image-9928 size-medium\" src=\"\/wp-content\/uploads\/2020\/04\/MORE-THAN-CLEAN-300x169.jpg\" alt=\"Tecnova\" width=\"300\" height=\"169\" srcset=\"https:\/\/www.fundaciontecnova.com\/wp-content\/uploads\/2020\/04\/MORE-THAN-CLEAN-300x169.jpg 300w, https:\/\/www.fundaciontecnova.com\/wp-content\/uploads\/2020\/04\/MORE-THAN-CLEAN-600x338.jpg 600w, https:\/\/www.fundaciontecnova.com\/wp-content\/uploads\/2020\/04\/MORE-THAN-CLEAN-768x432.jpg 768w, https:\/\/www.fundaciontecnova.com\/wp-content\/uploads\/2020\/04\/MORE-THAN-CLEAN-1536x864.jpg 1536w, https:\/\/www.fundaciontecnova.com\/wp-content\/uploads\/2020\/04\/MORE-THAN-CLEAN-700x394.jpg 700w, https:\/\/www.fundaciontecnova.com\/wp-content\/uploads\/2020\/04\/MORE-THAN-CLEAN-539x303.jpg 539w, https:\/\/www.fundaciontecnova.com\/wp-content\/uploads\/2020\/04\/MORE-THAN-CLEAN.jpg 1600w\" sizes=\"(max-width: 300px) 100vw, 300px\" \/>Tecnova collabore activement avec les entit\u00e9s Alh\u00f3ndiga La Uni\u00f3n (chef du projet), Ingro Maquinaria, IDM, Novagric et CEBAS-CSIC dans le projet MORE-THEN-CLEAN. Gr\u00e2ce \u00e0 sa mise en \u0153uvre on d\u00e9veloppera une solution int\u00e9grale du terrain jusqu\u2019au consommateur bas\u00e9e sur des strat\u00e9gies de d\u00e9sinfection automatis\u00e9es sur le terrain ainsi que dans la phase de manipulation du produit, afin de permettre la r\u00e9duction des maladies fongiques et bact\u00e9riennes entra\u00eenant les pertes principales de qualit\u00e9 du produit au niveau de l\u2019exportation.<\/p>\n<div style=\"clear: both;\"><\/div>\n<p>&nbsp;<\/p>\n<h6>NATURPICK: \u00abALIMENTS ENRICHIS DU POINT DE VUE NUTRITIONEL EN EMPLOYANT DES SUSTANCES BIOACTIVES SUR LA BASE DE PRODUITS DE L\u2019INDUSTRIE HORTICOLE NON COMMERCIALISABLES\u00bb<\/h6>\n<p>&nbsp;<\/p>\n<p><img loading=\"lazy\" decoding=\"async\" class=\"img alignleft wp-image-9929 size-medium\" src=\"\/wp-content\/uploads\/2020\/04\/NATURPICK-300x169.jpg\" alt=\"Tecnova\" width=\"300\" height=\"169\" srcset=\"https:\/\/www.fundaciontecnova.com\/wp-content\/uploads\/2020\/04\/NATURPICK-300x169.jpg 300w, https:\/\/www.fundaciontecnova.com\/wp-content\/uploads\/2020\/04\/NATURPICK-600x338.jpg 600w, https:\/\/www.fundaciontecnova.com\/wp-content\/uploads\/2020\/04\/NATURPICK-768x432.jpg 768w, https:\/\/www.fundaciontecnova.com\/wp-content\/uploads\/2020\/04\/NATURPICK-1536x864.jpg 1536w, https:\/\/www.fundaciontecnova.com\/wp-content\/uploads\/2020\/04\/NATURPICK-2048x1152.jpg 2048w, https:\/\/www.fundaciontecnova.com\/wp-content\/uploads\/2020\/04\/NATURPICK-700x394.jpg 700w, https:\/\/www.fundaciontecnova.com\/wp-content\/uploads\/2020\/04\/NATURPICK-539x303.jpg 539w\" sizes=\"(max-width: 300px) 100vw, 300px\" \/>Le projet de R&amp;D Interconecta NATURPICK propose de fournir des outils et des ingr\u00e9dients au secteur producteur d\u2019aliments fortifi\u00e9s (barres, gels, et poudres) et de bonbons g\u00e9lifi\u00e9s dans le but d\u2019obtenir des produits plus sains, ainsi que d\u2019assurer au secteur horticole une nouvelle ligne commerciale pour valoriser les produits que ne peuvent pas \u00eatre commercialis\u00e9s.<\/p>\n<p>&nbsp;<\/p>\n<p>Le consortium cr\u00e9e pour l\u2019ex\u00e9cution de NATURPICK est compos\u00e9 des entreprises Agroponiente Natural Produce, Aurora Intelligent Nutrition et DMC Research, avec la collaboration du Centre technologique Tecnova et les universit\u00e9s de Grenade et de S\u00e9ville.<\/p>\n<div style=\"clear: both;\"><\/div>\n<p>&nbsp;<\/p>\n<p> <p class=\"wpsm-hide\" style=\"color: #12ae29; font-size: 100%; text-align: left;\"> En lire moins<\/p><\/div><\/div>[\/vc_column_text][vc_separator type=\u00a0\u00bbnormal\u00a0\u00bb][vc_column_text]<\/p>\n<h6>Maximising sunlight resources for cost, energy and yield efficient greenhouses: SUN4GREEN<\/h6>\n<div class=\"show_more\"><p class=\"wpsm-show\" style=\"color: #12ae29; font-size: 100%; text-align: left;\"> Lire plus...<\/p><div class=\"wpsm-content\">\n<p>&nbsp;<\/p>\n<p><img loading=\"lazy\" decoding=\"async\" class=\"img alignleft wp-image-9930 size-medium\" src=\"\/wp-content\/uploads\/2020\/04\/SUN4GREEN-300x169.jpg\" alt=\"\" width=\"300\" height=\"169\" srcset=\"https:\/\/www.fundaciontecnova.com\/wp-content\/uploads\/2020\/04\/SUN4GREEN-300x169.jpg 300w, https:\/\/www.fundaciontecnova.com\/wp-content\/uploads\/2020\/04\/SUN4GREEN-600x338.jpg 600w, https:\/\/www.fundaciontecnova.com\/wp-content\/uploads\/2020\/04\/SUN4GREEN-768x432.jpg 768w, https:\/\/www.fundaciontecnova.com\/wp-content\/uploads\/2020\/04\/SUN4GREEN-1536x864.jpg 1536w, https:\/\/www.fundaciontecnova.com\/wp-content\/uploads\/2020\/04\/SUN4GREEN-700x394.jpg 700w, https:\/\/www.fundaciontecnova.com\/wp-content\/uploads\/2020\/04\/SUN4GREEN-539x303.jpg 539w, https:\/\/www.fundaciontecnova.com\/wp-content\/uploads\/2020\/04\/SUN4GREEN.jpg 1600w\" sizes=\"(max-width: 300px) 100vw, 300px\" \/>Le Centre technologique Tecnova collabore dans ce projet approuv\u00e9 dans le cadre du programme H2020 de l\u2019Union europ\u00e9enne et qui vise \u00e0 propulser le potentiel innovant des PMEs europ\u00e9ennes \u00e0 travers la validation de ce projet dans son Centre d\u2019exp\u00e9rimentation, o\u00f9 l\u2019on \u00e9valuera le comportement agronomique des cultures de tomate et melon dans un nouveau dessin de serre d\u00e9velopp\u00e9 par l\u2019entreprise Rufepa en collaboration avec l\u2019entreprise iranienne SUNBOOST Ltd. dans le but de maximiser l\u2019efficience \u00e9nerg\u00e9tique des serres en employant la technologie photovolta\u00efque.<\/p>\n<div style=\"clear: both;\"><\/div>\n<p>&nbsp;<\/p>\n<p> <p class=\"wpsm-hide\" style=\"color: #12ae29; font-size: 100%; text-align: left;\"> En lire moins<\/p><\/div><\/div>[\/vc_column_text]<\/div><div class=\"qode-advanced-tab-container\" id=\"tab-avec-les-entreprises-889\" data-icon-pack=\"\" data-icon-html=\"\">[vc_column_text]<\/p>\n<h6>D\u00e9veloppement d\u2019un syst\u00e8me de contr\u00f4le d\u2019irrigation pour production sous serre \u00e0 travers un mod\u00e8le d\u2019\u00e9vapotranspiration et un syst\u00e8me de mapping 3D-ET-3D<\/h6>\n<div class=\"show_more\"><p class=\"wpsm-show\" style=\"color: #12ae29; font-size: 100%; text-align: left;\"> Lire plus...<\/p><div class=\"wpsm-content\">\n<p>&nbsp;<\/p>\n<p><img loading=\"lazy\" decoding=\"async\" class=\"img alignleft wp-image-9924 size-medium\" src=\"\/wp-content\/uploads\/2020\/04\/ET3D-300x200.jpg\" alt=\"Tecnova\" width=\"300\" height=\"200\" srcset=\"https:\/\/www.fundaciontecnova.com\/wp-content\/uploads\/2020\/04\/ET3D-300x200.jpg 300w, https:\/\/www.fundaciontecnova.com\/wp-content\/uploads\/2020\/04\/ET3D-600x400.jpg 600w, https:\/\/www.fundaciontecnova.com\/wp-content\/uploads\/2020\/04\/ET3D-768x512.jpg 768w, https:\/\/www.fundaciontecnova.com\/wp-content\/uploads\/2020\/04\/ET3D-1536x1024.jpg 1536w, https:\/\/www.fundaciontecnova.com\/wp-content\/uploads\/2020\/04\/ET3D-2048x1365.jpg 2048w, https:\/\/www.fundaciontecnova.com\/wp-content\/uploads\/2020\/04\/ET3D-700x467.jpg 700w\" sizes=\"(max-width: 300px) 100vw, 300px\" \/>L\u2019objectif principal du projet 3D-ET-3D est de d\u00e9velopper un syst\u00e8me de gestion de l\u2019irrigation, qui permettra la mise en place d\u2019un nouvel algorithme pour calculer l\u2019\u00e9vapotranspiration afin de conna\u00eetre plus en d\u00e9tail les meilleurs moments pour l\u2019irrigation.<\/p>\n<p>&nbsp;<\/p>\n<p>Le projet est actuellement en cours d\u2019ex\u00e9cution dans le Centre d\u2019exp\u00e9rimentation de Tecnova, gr\u00e2ce \u00e0 la collaboration hispano-cor\u00e9enne entre les entit\u00e9s NAZAR\u00cdES IT, l\u2019Institut cor\u00e9en de science et technologie (KIST) et NARETRENDS, avec l\u2019appui financier octroy\u00e9 dans le cadre de l\u2019appel \u00e0 projets EUREKA par CDTI (Centre pour le d\u00e9veloppement technologique industriel de l\u2019Espagne) et son homologue cor\u00e9en.<\/p>\n<div style=\"clear: both;\"><\/div>\n<p>&nbsp;<\/p>\n<p> <p class=\"wpsm-hide\" style=\"color: #12ae29; font-size: 100%; text-align: left;\"> En lire moins<\/p><\/div><\/div>[\/vc_column_text][vc_separator type=\u00a0\u00bbnormal\u00a0\u00bb][vc_column_text]<\/p>\n<h6>Syst\u00e8me automatique de gestion de l\u2019irrigation sur la base des donn\u00e9es concernant l\u2019ouverture des stomates<\/h6>\n<div class=\"show_more\"><p class=\"wpsm-show\" style=\"color: #12ae29; font-size: 100%; text-align: left;\"> Lire plus...<\/p><div class=\"wpsm-content\">\n<p>&nbsp;<\/p>\n<p>Tecnova collabore avec l\u2019entreprise Maher Electronica Aplicada et l\u2019Ecole sup\u00e9rieure d\u2019ing\u00e9nieurs de Medjez El Bab en Tunisie, dans le projet STOMATIC, approuv\u00e9 dans le cadre de l\u2019appel \u00e0 projets internationaux unilat\u00e9raux Espagne-Tunisie, de CDTI (Centre pour le d\u00e9veloppement technologique industriel de l\u2019Espagne). Le projet STOMATIC vise \u00e0 d\u00e9velopper un nouveau contr\u00f4leur d\u2019irrigation capable de g\u00e9rer automatiquement les activations de l\u2019irrigation, en \u00e9tablissant la fr\u00e9quence de l\u2019apport hydrique, sur la base des param\u00e8tres physiologiques des plantes (ouverture des stomates). Ce projet est cofinanc\u00e9 par des fonds FEDER.<\/p>\n<p>&nbsp;<\/p>\n<p> <p class=\"wpsm-hide\" style=\"color: #12ae29; font-size: 100%; text-align: left;\"> En lire moins<\/p><\/div><\/div>[\/vc_column_text][vc_separator type=\u00a0\u00bbnormal\u00a0\u00bb][vc_column_text]<\/p>\n<h6>Projets strategiques CIEN<\/h6>\n<div class=\"show_more\"><p class=\"wpsm-show\" style=\"color: #12ae29; font-size: 100%; text-align: left;\"> Lire plus...<\/p><div class=\"wpsm-content\">\n<p>&nbsp;<\/p>\n<p>Cofinanc\u00e9s par les Fonds europ\u00e9en de d\u00e9veloppement regional (FEDER) \u00e0 travers le Programme strat\u00e9gique CIEN de CDTI (Centre pour le d\u00e9veloppement technologique industriel de l\u2019Espagne).<\/p>\n<p>&nbsp;<\/p>\n<h6>AGRONAUTA: \u00abAUTOMATISATION DES T\u00c2CHES AGRICOLES DANS DES EXPLOTATIONS AGRICOLES INTENSIVES GR\u00c2CE \u00c0 LA ROBOTIQUE\u00bb<\/h6>\n<p>&nbsp;<\/p>\n<p><img loading=\"lazy\" decoding=\"async\" class=\"img alignleft wp-image-9925 size-medium\" src=\"\/wp-content\/uploads\/2020\/04\/AGRONAUTA-300x169.jpg\" alt=\"Tecnova\" width=\"300\" height=\"169\" srcset=\"https:\/\/www.fundaciontecnova.com\/wp-content\/uploads\/2020\/04\/AGRONAUTA-300x169.jpg 300w, https:\/\/www.fundaciontecnova.com\/wp-content\/uploads\/2020\/04\/AGRONAUTA-600x337.jpg 600w, https:\/\/www.fundaciontecnova.com\/wp-content\/uploads\/2020\/04\/AGRONAUTA-768x432.jpg 768w, https:\/\/www.fundaciontecnova.com\/wp-content\/uploads\/2020\/04\/AGRONAUTA-1536x864.jpg 1536w, https:\/\/www.fundaciontecnova.com\/wp-content\/uploads\/2020\/04\/AGRONAUTA-2048x1151.jpg 2048w, https:\/\/www.fundaciontecnova.com\/wp-content\/uploads\/2020\/04\/AGRONAUTA-700x394.jpg 700w, https:\/\/www.fundaciontecnova.com\/wp-content\/uploads\/2020\/04\/AGRONAUTA-539x303.jpg 539w\" sizes=\"(max-width: 300px) 100vw, 300px\" \/>Cette initiative se base sur la transformation du mod\u00e8le de production des tomates en grappes car on offrira au secteur une solution technologique innovante : la r\u00e9colte et confection des grappes des tomates in situ (dans la serre) \u00e0 travers un syst\u00e8me robotique portable, soutenu par un environnement de production intelligent.<\/p>\n<p>&nbsp;<\/p>\n<p>Les participants du projet AGRONAUTA sont : SERFRUIT, S.A., Tecnolog\u00edas de Automatizaci\u00f3n y Control, S.A. (TAUCON), Ingenier\u00eda de Aplicaciones, S.A (IDASA), Grupo HISPATEC Inform\u00e1tica Empresarial, S.A.U., Novedades Agr\u00edcolas, S.A., Sistema AZUD, S.A., et ULMA Packaging S.COOP. En colaboration avec sept organismos de recherche: Fundaci\u00f3n Tecnova, Universidad de Almer\u00eda, Fundaci\u00f3n Tecnalia Research &amp; Innovation, Universitat de Girona, CEBAS-CSIC, ULMA Technological Center et IK4-IKERLAN. Le projet se trouve dans sa quatri\u00e8me ann\u00e9e d\u2019ex\u00e9cution, dans la phase de prototypage.<\/p>\n<div style=\"clear: both;\"><\/div>\n<p>&nbsp;<\/p>\n<h6>GLOBALVITI \u00abSOLUTION GLOBALE POUR AM\u00c9LIORER LA PRODUCTION DE VIN FACE AU CHANGEMENT CLIMATIQUE\u00bb<\/h6>\n<p>&nbsp;<\/p>\n<p><img loading=\"lazy\" decoding=\"async\" class=\"img alignleft wp-image-9926 size-medium\" src=\"\/wp-content\/uploads\/2020\/04\/GLOBAVITI-300x92.jpg\" alt=\"Tecnova\" width=\"300\" height=\"92\" srcset=\"https:\/\/www.fundaciontecnova.com\/wp-content\/uploads\/2020\/04\/GLOBAVITI-300x92.jpg 300w, https:\/\/www.fundaciontecnova.com\/wp-content\/uploads\/2020\/04\/GLOBAVITI-600x185.jpg 600w, https:\/\/www.fundaciontecnova.com\/wp-content\/uploads\/2020\/04\/GLOBAVITI-700x216.jpg 700w, https:\/\/www.fundaciontecnova.com\/wp-content\/uploads\/2020\/04\/GLOBAVITI.jpg 756w\" sizes=\"(max-width: 300px) 100vw, 300px\" \/>Le projet GLOBALVITI a pour but de positionner le secteur vitivinicole national comme r\u00e9f\u00e9rence au niveau mondial dans la recherche et proposition de solutions et alternatives techniques innovantes et durables, dans un contexte de changement climatique, tant par rapport \u00e0 la gestion int\u00e9grale du vignoble qu\u2019aux processus de vinification en appliquant des technologies \u00e9mergentes transversales (IoT et Big Data, Robotique, Biotechnologie et Biologie mol\u00e9culaire) pour faciliter la transition digitale des caves espagnoles.<\/p>\n<p>&nbsp;<\/p>\n<p>Le consortium est compos\u00e9 des caves et des entreprises de l\u2019industrie auxiliaire du secteur vitivinicole : JUVE&amp;-CAMPS S.A., BODEGAS MARTIN CODAX S.A.U., BODEGAS RAMON BILBAO, S.A., PAGO DE CARRAOVEJAS S.L. y MIGUEL TORRES S.A., VIVEROS VILLANUEVA VIDES S.L. GRUPO HISPATEC I.E., S.A. et PELLENC IBERICA S.L. En outre, treize centres de recherche y participent parmi lesquels le CT Tecnova.<\/p>\n<div style=\"clear: both;\"><\/div>\n<p>&nbsp;<\/p>\n<p> <p class=\"wpsm-hide\" style=\"color: #12ae29; font-size: 100%; text-align: left;\"> En lire moins<\/p><\/div><\/div>[\/vc_column_text][vc_separator type=\u00a0\u00bbnormal\u00a0\u00bb][vc_column_text]<\/p>\n<h6>Projets CDTI<\/h6>\n<div class=\"show_more\"><p class=\"wpsm-show\" style=\"color: #12ae29; font-size: 100%; text-align: left;\"> Lire plus...<\/p><div class=\"wpsm-content\">\n<p>&nbsp;<\/p>\n<p>Dans le cadre de l\u2019appel \u00e0 projets de R&amp;D, financ\u00e9 par CDTI, avec le soutien du Minist\u00e8re espagnol de l\u2019\u00e9conomie et comp\u00e9titivit\u00e9 et cofinanc\u00e9 avec des fonds FEDER.<\/p>\n<p>&nbsp;<\/p>\n<h6>\u00abD\u00c9VELOPPEMENT D\u2019UNE NOUVELLE GAMME DE CR\u00c8MES D\u2019AVOCAT SAINES ADAPT\u00c9E \u00c0 DES EXIGENCES NUTRITIONELLES SPECIFIQUES\u00bb<\/h6>\n<p>&nbsp;<\/p>\n<p>Ce projet, qui est dirig\u00e9 par l\u2019entreprise Frumaco, est n\u00e9 suite \u00e0 la perte de qualit\u00e9 sensorielle des aliments transform\u00e9s \u00e0 base d\u2019avocats commerciaux, dans le but de d\u00e9velopper et mettre en place \u00e0 l\u2019\u00e9chelle industrielle un nouveau syst\u00e8me de production d\u2019une gamme de cr\u00e8mes v\u00e9g\u00e9tales saines \u00e0 base d\u2019avocat comme ingr\u00e9dient principal.<\/p>\n<p>&nbsp;<\/p>\n<p>Le projet compte sur le soutien technique du Centre technologique Tecnova et est encadr\u00e9 dans l\u2019appel \u00e0 projets de R&amp;D, financ\u00e9 par CDTI, avec le soutien du Minist\u00e8re de l\u2019\u00e9conomie et comp\u00e9titivit\u00e9 et cofinanc\u00e9 avec des fonds structurels de l\u2019Union europ\u00e9enne, plus pr\u00e9cis\u00e9ment sur le Programme op\u00e9rationnel de croissance intelligente 2014-2020\u00bb.<\/p>\n<div style=\"clear: both;\"><\/div>\n<p>&nbsp;<\/p>\n<h6>\u00abD\u00c9VELOPPEMENT D\u2019UN NOUVEAU SYST\u00c8ME POUR CR\u00c9ER UNE NOUVELLE LIGNE DE POIVRON ECOLOGIQUE FONCTIONEL BAS\u00c9 SUR DES TECHNOLOGIES PROPRES \u2013 PEPPERNATURE\u00bb<\/h6>\n<p>&nbsp;<\/p>\n<p><img loading=\"lazy\" decoding=\"async\" class=\"img alignleft wp-image-9927 size-medium\" src=\"\/wp-content\/uploads\/2020\/04\/PEPPERNATUR-300x200.jpg\" alt=\"Tecnova\" width=\"300\" height=\"200\" srcset=\"https:\/\/www.fundaciontecnova.com\/wp-content\/uploads\/2020\/04\/PEPPERNATUR-300x200.jpg 300w, https:\/\/www.fundaciontecnova.com\/wp-content\/uploads\/2020\/04\/PEPPERNATUR-600x400.jpg 600w, https:\/\/www.fundaciontecnova.com\/wp-content\/uploads\/2020\/04\/PEPPERNATUR-768x512.jpg 768w, https:\/\/www.fundaciontecnova.com\/wp-content\/uploads\/2020\/04\/PEPPERNATUR-1536x1024.jpg 1536w, https:\/\/www.fundaciontecnova.com\/wp-content\/uploads\/2020\/04\/PEPPERNATUR-2048x1365.jpg 2048w, https:\/\/www.fundaciontecnova.com\/wp-content\/uploads\/2020\/04\/PEPPERNATUR-700x467.jpg 700w\" sizes=\"(max-width: 300px) 100vw, 300px\" \/>L\u2019objectif g\u00e9n\u00e9ral de PEPPERNATUR, men\u00e9 par l\u2019entreprise Agroponiente Natural Produce S.L et avec la collaboration du CT Tecnova, est de concevoir un nouveau syst\u00e8me pour la production d\u2019une nouvelle gamme de poivron \u00e9cologique \u00e0 haute valeur fonctionnelle d\u00e9velopp\u00e9 \u2018a travers la mise en place des strat\u00e9gies biotechnologiques, agricoles et apr\u00e8s-r\u00e9colte sur les diff\u00e9rentes phases de la chaine de valeur bas\u00e9es sur des technologies propres.<\/p>\n<div style=\"clear: both;\"><\/div>\n<p>&nbsp;<\/p>\n<h6>\u00abCONCEPTION D\u2019UN NOUVEU INGREDIENT \u00c0 BASE D\u2019ALGUE LAMINARIA JAPONICA \u2013 ALGASANUM\u00bb<\/h6>\n<p>&nbsp;<\/p>\n<p>Ce projet, men\u00e9 par l\u2019entreprise DIVINGMAR, avec le soutien financier du Centre pour le d\u00e9veloppement technologique industriel (CDTI) et la collaboration technique du Centre technologique Tecnova, vise \u00e0 concevoir et d\u00e9velopper le processus technologique pour obtenir un nouvel ingr\u00e9dient alimentaire \u00e0 base d\u2019algue laminaria japonica, permettant de r\u00e9duire le contenu en sodium pour la pr\u00e9paration d\u2019aliments transform\u00e9s.<\/p>\n<div style=\"clear: both;\"><\/div>\n<p>&nbsp;<\/p>\n<p> <p class=\"wpsm-hide\" style=\"color: #12ae29; font-size: 100%; text-align: left;\"> En lire moins<\/p><\/div><\/div>[\/vc_column_text][vc_separator type=\u00a0\u00bbnormal\u00a0\u00bb][vc_column_text]<\/p>\n<h6>Projets FEDER INTERCONECTA<\/h6>\n<div class=\"show_more\"><p class=\"wpsm-show\" style=\"color: #12ae29; font-size: 100%; text-align: left;\"> Lire plus...<\/p><div class=\"wpsm-content\">\n<p>&nbsp;<\/p>\n<p>L\u2019objectif principal du projet est de d\u00e9velopper une solution de gestion pour l\u2019am\u00e9lioration qualitative et quantitative de la production horticole, par le biais d\u2019un syst\u00e8me d\u2019apprentissage syst\u00e9matique facilitant la t\u00e9l\u00e9commande et m\u00eame l\u2019automatisation des op\u00e9rations ou des recommandations dans les serres.<\/p>\n<p>&nbsp;<\/p>\n<p>Dans le cadre de l\u2019appel FEDER INTERCONECTA 2018, financ\u00e9 par le CDTI (Centre pour le d\u00e9veloppement technologique industriel de l\u2019Espagne), avec le soutien du Minist\u00e8re espagnol de l\u2019\u00e9conomie et la comp\u00e9titivit\u00e9 et cofinanc\u00e9 avec des Fonds structurels de l\u2019Union europ\u00e9enne sur le Programme op\u00e9rationnel de croissance intelligente 2014-2020.<\/p>\n<p>&nbsp;<\/p>\n<h6>MORE-THAN-CLEAN : D\u00c9VELOPPEMENT DES TRAITEMENTS ET TECHNOLOGIE D\u2019ACTION AU NIVEAU INTERSTITIEL DES TISSUS HORTICOLES SENSIBLES POUR LA REDUCTION DES PHYTOPATHOLOGIES<\/h6>\n<p>&nbsp;<\/p>\n<p><img loading=\"lazy\" decoding=\"async\" class=\"img alignleft wp-image-9928 size-medium\" src=\"\/wp-content\/uploads\/2020\/04\/MORE-THAN-CLEAN-300x169.jpg\" alt=\"Tecnova\" width=\"300\" height=\"169\" srcset=\"https:\/\/www.fundaciontecnova.com\/wp-content\/uploads\/2020\/04\/MORE-THAN-CLEAN-300x169.jpg 300w, https:\/\/www.fundaciontecnova.com\/wp-content\/uploads\/2020\/04\/MORE-THAN-CLEAN-600x338.jpg 600w, https:\/\/www.fundaciontecnova.com\/wp-content\/uploads\/2020\/04\/MORE-THAN-CLEAN-768x432.jpg 768w, https:\/\/www.fundaciontecnova.com\/wp-content\/uploads\/2020\/04\/MORE-THAN-CLEAN-1536x864.jpg 1536w, https:\/\/www.fundaciontecnova.com\/wp-content\/uploads\/2020\/04\/MORE-THAN-CLEAN-700x394.jpg 700w, https:\/\/www.fundaciontecnova.com\/wp-content\/uploads\/2020\/04\/MORE-THAN-CLEAN-539x303.jpg 539w, https:\/\/www.fundaciontecnova.com\/wp-content\/uploads\/2020\/04\/MORE-THAN-CLEAN.jpg 1600w\" sizes=\"(max-width: 300px) 100vw, 300px\" \/>Tecnova collabore activement avec les entit\u00e9s Alh\u00f3ndiga La Uni\u00f3n (chef du projet), Ingro Maquinaria, IDM, Novagric et CEBAS-CSIC dans le projet MORE-THEN-CLEAN. Gr\u00e2ce \u00e0 sa mise en \u0153uvre on d\u00e9veloppera une solution int\u00e9grale du terrain jusqu\u2019au consommateur bas\u00e9e sur des strat\u00e9gies de d\u00e9sinfection automatis\u00e9es sur le terrain ainsi que dans la phase de manipulation du produit, afin de permettre la r\u00e9duction des maladies fongiques et bact\u00e9riennes entra\u00eenant les pertes principales de qualit\u00e9 du produit au niveau de l\u2019exportation.<\/p>\n<div style=\"clear: both;\"><\/div>\n<p>&nbsp;<\/p>\n<h6>NATURPICK: \u00abALIMENTS ENRICHIS DU POINT DE VUE NUTRITIONEL EN EMPLOYANT DES SUSTANCES BIOACTIVES SUR LA BASE DE PRODUITS DE L\u2019INDUSTRIE HORTICOLE NON COMMERCIALISABLES\u00bb<\/h6>\n<p>&nbsp;<\/p>\n<p><img loading=\"lazy\" decoding=\"async\" class=\"img alignleft wp-image-9929 size-medium\" src=\"\/wp-content\/uploads\/2020\/04\/NATURPICK-300x169.jpg\" alt=\"Tecnova\" width=\"300\" height=\"169\" srcset=\"https:\/\/www.fundaciontecnova.com\/wp-content\/uploads\/2020\/04\/NATURPICK-300x169.jpg 300w, https:\/\/www.fundaciontecnova.com\/wp-content\/uploads\/2020\/04\/NATURPICK-600x338.jpg 600w, https:\/\/www.fundaciontecnova.com\/wp-content\/uploads\/2020\/04\/NATURPICK-768x432.jpg 768w, https:\/\/www.fundaciontecnova.com\/wp-content\/uploads\/2020\/04\/NATURPICK-1536x864.jpg 1536w, https:\/\/www.fundaciontecnova.com\/wp-content\/uploads\/2020\/04\/NATURPICK-2048x1152.jpg 2048w, https:\/\/www.fundaciontecnova.com\/wp-content\/uploads\/2020\/04\/NATURPICK-700x394.jpg 700w, https:\/\/www.fundaciontecnova.com\/wp-content\/uploads\/2020\/04\/NATURPICK-539x303.jpg 539w\" sizes=\"(max-width: 300px) 100vw, 300px\" \/>Le projet de R&amp;D Interconecta NATURPICK propose de fournir des outils et des ingr\u00e9dients au secteur producteur d\u2019aliments fortifi\u00e9s (barres, gels, et poudres) et de bonbons g\u00e9lifi\u00e9s dans le but d\u2019obtenir des produits plus sains, ainsi que d\u2019assurer au secteur horticole une nouvelle ligne commerciale pour valoriser les produits que ne peuvent pas \u00eatre commercialis\u00e9s.<\/p>\n<p>&nbsp;<\/p>\n<p>Le consortium cr\u00e9e pour l\u2019ex\u00e9cution de NATURPICK est compos\u00e9 des entreprises Agroponiente Natural Produce, Aurora Intelligent Nutrition et DMC Research, avec la collaboration du Centre technologique Tecnova et les universit\u00e9s de Grenade et de S\u00e9ville.<\/p>\n<div style=\"clear: both;\"><\/div>\n<p>&nbsp;<\/p>\n<p> <p class=\"wpsm-hide\" style=\"color: #12ae29; font-size: 100%; text-align: left;\"> En lire moins<\/p><\/div><\/div>[\/vc_column_text]<\/div><div class=\"qode-advanced-tab-container\" id=\"tab-national-propre-360\" data-icon-pack=\"\" data-icon-html=\"\">[vc_separator type=\u00a0\u00bbnormal\u00a0\u00bb][vc_column_text]<\/p>\n<h6>Groupes op\u00e9rationnels de l\u2019Association europ\u00e9enne pour l&rsquo;innovation en mati\u00e8re de productivit\u00e9 et de durabilit\u00e9 agricoles, dans le cadre du Programme de d\u00e9veloppement rural de l\u2019Andalousie 2014-2020, lanc\u00e9s par l\u2019ordonnance r\u00e9gional du 11 ao\u00fbt 2016.<\/h6>\n<div class=\"show_more\"><p class=\"wpsm-show\" style=\"color: #12ae29; font-size: 100%; text-align: left;\"> Lire plus...<\/p><div class=\"wpsm-content\"><br \/>\nLe CT Tecnova a mis en \u0153uvre plusieurs initiatives tout au long de l\u2019ann\u00e9e 2018 dans le cadre des Groupes op\u00e9rationnels r\u00e9gionaux, financ\u00e9s par le Minist\u00e8re r\u00e9gional de l\u2019agriculture, p\u00e8che et d\u00e9veloppement rural du Gouvernement de l\u2019Andalousie, avec des fonds FEADER.<\/p>\n<p>&nbsp;<\/p>\n<p>Co-financ\u00e9 par le Fonds europ\u00e9en de d\u00e9veloppement rural (FEADER) et le Gouvernement de l\u2019Andalousie, au travers du Minist\u00e8re r\u00e9gional de l\u2019agriculture, p\u00e8che et d\u00e9veloppement rural.<br \/>\nLes Groupes op\u00e9rationnels dans lesquels le Centre est y impliqu\u00e9 sont li\u00e9s \u00e0 plusieurs th\u00e9matiques telles que la gestion de l\u2019irrigation, l\u2019application des technologies IoT, ou l\u2019optimisation dans l\u2019emploi des ressources naturelles. Tecnova a particip\u00e9 \u00e0 des projets sur les trois sous-mesures de financement disponibles pour ce type d\u2019associations.<\/p>\n<p>&nbsp;<\/p>\n<h6>Groupe op\u00e9rationnel r\u00e9gional L1 \u2013 \u00abOUTILS TIC POUR L\u2019ETIQUETAGE INTELLIGENT DE LA PRODUCTION HORTICOLE DURABLE &#8211; e-TIC4FOOD\u00bb<\/h6>\n<p>&nbsp;<\/p>\n<p>Tecnova participe, avec HISPATEC, CAPARROS NATURE et PITA, au d\u00e9veloppement de ce projet visant \u00e0 r\u00e9pondre aux demandes du consommateur plus social, et est engag\u00e9e avec l\u2019environnement au travers d\u2019un \u00e9tiquetage intelligent pour les produits horticoles dans le but d\u2019offrir de la valeur ajout\u00e9e au march\u00e9.<\/p>\n<p>&nbsp;<\/p>\n<h6>Groupe op\u00e9rationnel r\u00e9gional L2 \u2013 \u00abINNOVATION DANS LA PRODUCTION ET TRANSFORMATION ADAPT\u00c9ES AU CHANGEMENT CLIMATIQUE \u2013 P\u00c9CAN\u00bb<\/h6>\n<p>&nbsp;<\/p>\n<p>Le CT Tecnova participe \u00e0 ce projet, avec le GROUPE DE DEVELOPPEMENT RURAL VALLE DEL GUADALHORCE, Pecan del Sur S.L., Jose Miguel Guzm\u00e1n Rueda et Juan Carlos Perez Gonz\u00e1lez. Il compte aussi sur la collaboration de IFAPA Churriana (Institut de formation en mati\u00e8re agricole et de la p\u00eache du Gouvernement de l\u2019Andalousie), l\u2019Association de p\u00e2tissiers de Malaga et Dolores Sol\u00eds Morales.<\/p>\n<p>&nbsp;<\/p>\n<p>Son but est celui de consolider l\u2019impl\u00e9mentation de la production du p\u00e9can dans l\u2019horticulture andalouse. Une \u00e9tude agro\u00e9conomique, environnementale et sociale va \u00eatre r\u00e9alis\u00e9e sur les cultures les plus anciennes pour transf\u00e9rer cette information au secteur agroalimentaire comme alternative rentable.<\/p>\n<p>&nbsp;<\/p>\n<p>Comme r\u00e9sultat final li\u00e9 \u00e0 l\u2019application des ces technologies on trouve la p\u00e2tisserie saine, dans un pari sur la cr\u00e9ation de nouveaux produits sains du point de vue cardiovasculaire, en incr\u00e9mentant leur valeur ajout\u00e9e.<\/p>\n<p>&nbsp;<\/p>\n<p> <p class=\"wpsm-hide\" style=\"color: #12ae29; font-size: 100%; text-align: left;\"> En lire moins<\/p><\/div><\/div>[\/vc_column_text][vc_separator type=\u00a0\u00bbnormal\u00a0\u00bb][vc_column_text]<\/p>\n<h6>Programme national de RDI ax\u00e9 aux d\u00e9fis de la soci\u00e9t\u00e9 \u2013 \u00abRetos colaboraci\u00f3n\u00bb<\/h6>\n<div class=\"show_more\"><p class=\"wpsm-show\" style=\"color: #12ae29; font-size: 100%; text-align: left;\"> Lire plus...<\/p><div class=\"wpsm-content\">\n<p>&nbsp;<\/p>\n<h6>\u00abD\u00c9VELOPPEMENT DES SOLUTIONS DE FAST HEALTHY FOOD \u00c0 TRAVERS UNE GAMME D\u2019AP\u00c9RITIFS SAINS\u00bb<\/h6>\n<p>&nbsp;<\/p>\n<p>L\u2019objectif de ce projet est de d\u00e9velopper un nouveau mod\u00e8le de distributeur automatique \u00e0 travers le d\u00e9veloppement d\u2019une nouvelle gamme de produits sains type snack (fruits et l\u00e9gumes croustillants) qui peuvent \u00eatre combin\u00e9s avec une sauce (guacamole, humus, etc.) et un accompagnement (fruits et l\u00e9gumes coup\u00e9s, rafra\u00eechissements \u00e0 base de fruits et l\u00e9gumes) adapt\u00e9s aux gouts des consommateurs, qui seront disponibles pour le publique gr\u00e2ce \u00e0 une machine de distribution automatique qui permettra de choisir la combinaison des aliments souhait\u00e9e.<\/p>\n<p>&nbsp;<\/p>\n<p>Le partenariat est compos\u00e9 par l\u2019entreprise Natural Crunch, avec la participation de Eficold, Ecosur, le CT Tecnova et IAT. Le projet a \u00e9t\u00e9 financ\u00e9 dans le cadre du Programme national de RDI \u00ab Retos de la Sociedad \u2013 Retos Colaboraci\u00f3n 2016 \u00bb, avec des fonds du Minist\u00e8re national de l\u2019\u00e9conomie et la comp\u00e9titivit\u00e9 et les Fonds europ\u00e9en de d\u00e9veloppement r\u00e9gional. Il se trouve dans la deuxi\u00e8me ann\u00e9e d\u2019ex\u00e9cution.<\/p>\n<p>&nbsp;<\/p>\n<p> <p class=\"wpsm-hide\" style=\"color: #12ae29; font-size: 100%; text-align: left;\"> En lire moins<\/p><\/div><\/div>[\/vc_column_text][vc_separator type=\u00a0\u00bbnormal\u00a0\u00bb]<\/div><div class=\"qode-advanced-tab-container\" id=\"tab-international-propre-643\" data-icon-pack=\"\" data-icon-html=\"\">[vc_column_text]<\/p>\n<h6>Programme cadre 2014-2020 de recherche et innovation.<\/h6>\n<div class=\"show_more\"><p class=\"wpsm-show\" style=\"color: #12ae29; font-size: 100%; text-align: left;\"> Lire plus...<\/p><div class=\"wpsm-content\">\n<p>&nbsp;<\/p>\n<h6>\u00abPAN-EUROPEAN CLUSTERS FOR TECHNOLOGY TRANSFER AND NEW VALUE CHAINS \u2013 ACTTIVATE\u00bb<\/h6>\n<p>&nbsp;<\/p>\n<p><img fetchpriority=\"high\" decoding=\"async\" class=\"img alignleft wp-image-9918 size-medium\" src=\"\/wp-content\/uploads\/2020\/04\/ACTTIVATE-300x225.jpg\" alt=\"Tecnova\" width=\"300\" height=\"225\" srcset=\"https:\/\/www.fundaciontecnova.com\/wp-content\/uploads\/2020\/04\/ACTTIVATE-300x225.jpg 300w, https:\/\/www.fundaciontecnova.com\/wp-content\/uploads\/2020\/04\/ACTTIVATE-600x450.jpg 600w, https:\/\/www.fundaciontecnova.com\/wp-content\/uploads\/2020\/04\/ACTTIVATE-768x576.jpg 768w, https:\/\/www.fundaciontecnova.com\/wp-content\/uploads\/2020\/04\/ACTTIVATE-1536x1152.jpg 1536w, https:\/\/www.fundaciontecnova.com\/wp-content\/uploads\/2020\/04\/ACTTIVATE-2048x1536.jpg 2048w, https:\/\/www.fundaciontecnova.com\/wp-content\/uploads\/2020\/04\/ACTTIVATE-800x600.jpg 800w, https:\/\/www.fundaciontecnova.com\/wp-content\/uploads\/2020\/04\/ACTTIVATE-700x525.jpg 700w\" sizes=\"(max-width: 300px) 100vw, 300px\" \/>Le CT Tecnova participe \u00e0 ce projet du Programme H2020 (INNOSUP-1-2015), qui compte sur l\u2019implication de 13 partenaires et dont le but est celui d\u2019encourager l\u2019innovation entrepreneuriale parmi les PMEs de quatre secteurs diff\u00e9rents : le secteur a\u00e9rospatiale, l\u2019agroalimentaire, l\u2019alimentation et la sant\u00e9 et les TICs.<\/p>\n<p>&nbsp;<\/p>\n<p>Le projet cherche de transf\u00e9rer des connaissances et des technologies utiles entre les diff\u00e9rents secteurs.<\/p>\n<p>&nbsp;<\/p>\n<p>Il s\u2019attache \u00e0 la cr\u00e9ation des strat\u00e9gies permettant aux groupes impliqu\u00e9s de cr\u00e9er de nouveaux services et produits et donc de g\u00e9n\u00e9rer de nouvelles chaines de valeur dans les industries naissantes dans l\u2019ensemble de l\u2019Europe. Le projet se trouve dans le troisi\u00e8me et derni\u00e8re ann\u00e9e d\u2019ex\u00e9cution.<\/p>\n<div style=\"clear: both;\"><\/div>\n<p>&nbsp;<\/p>\n<h6>\u00abINTERNET OF FOOD &amp; FARM 2020\u00bb<\/h6>\n<p>&nbsp;<\/p>\n<p><img decoding=\"async\" class=\"img alignleft wp-image-9915 size-medium\" src=\"\/wp-content\/uploads\/2020\/04\/INTERNET-OF-FOOD-AND-FARM-2020-300x168.jpg\" alt=\"Tecnova\" width=\"300\" height=\"168\" srcset=\"https:\/\/www.fundaciontecnova.com\/wp-content\/uploads\/2020\/04\/INTERNET-OF-FOOD-AND-FARM-2020-300x168.jpg 300w, https:\/\/www.fundaciontecnova.com\/wp-content\/uploads\/2020\/04\/INTERNET-OF-FOOD-AND-FARM-2020-600x336.jpg 600w, https:\/\/www.fundaciontecnova.com\/wp-content\/uploads\/2020\/04\/INTERNET-OF-FOOD-AND-FARM-2020-768x430.jpg 768w, https:\/\/www.fundaciontecnova.com\/wp-content\/uploads\/2020\/04\/INTERNET-OF-FOOD-AND-FARM-2020-700x392.jpg 700w, https:\/\/www.fundaciontecnova.com\/wp-content\/uploads\/2020\/04\/INTERNET-OF-FOOD-AND-FARM-2020-539x303.jpg 539w, https:\/\/www.fundaciontecnova.com\/wp-content\/uploads\/2020\/04\/INTERNET-OF-FOOD-AND-FARM-2020.jpg 868w\" sizes=\"(max-width: 300px) 100vw, 300px\" \/>Le CT Tecnova participe \u00e0 ce projet dirig\u00e9 par l\u2019Universit\u00e9 de Wageningen (Pays Bas). Avec la participation de 72 partenaires, il est encadr\u00e9 dans le topic IoT-01- 2016 \u2013 Large Scale Pilots de H2020 dans l\u2019appel \u00e0 projets Internet of Things (IoT) de la Commission europ\u00e9enne.<\/p>\n<p>&nbsp;<\/p>\n<p>L\u2019objectif est li\u00e9 \u00e0 l\u2019acc\u00e9l\u00e9ration de l\u2019adoption de la technologie IoT dans le secteur agroalimentaire au niveau europ\u00e9en, pour accro\u00eetre la s\u00e9curit\u00e9 et sant\u00e9 des aliments, ainsi que la comp\u00e9titivit\u00e9 des entreprises. Le projet se trouve dans la deuxi\u00e8me ann\u00e9e d\u2019ex\u00e9cution.<\/p>\n<div style=\"clear: both;\"><\/div>\n<p>&nbsp;<\/p>\n<p> <p class=\"wpsm-hide\" style=\"color: #12ae29; font-size: 100%; text-align: left;\"> En lire moins<\/p><\/div><\/div>[\/vc_column_text][vc_separator type=\u00a0\u00bbnormal\u00a0\u00bb][vc_column_text]<\/p>\n<h6>Agence espagnole de coop\u00e9ration internationale pour le d\u00e9veloppement. Minist\u00e8re national des affaires \u00e9trang\u00e8res et de coop\u00e9ration. Appel \u00e0 des actions d\u2019innovation pour le d\u00e9veloppement.<\/h6>\n<div class=\"show_more\"><p class=\"wpsm-show\" style=\"color: #12ae29; font-size: 100%; text-align: left;\"> Lire plus...<\/p><div class=\"wpsm-content\">\n<p>&nbsp;<\/p>\n<h6>\u00abAGRISECH : IMPLEMENTATION D\u2019UN NOUVEAU SYST\u00c8ME EN CULTURE SOUS ABRI \u00c0 SECHURA\u00bb<\/h6>\n<p>&nbsp;<\/p>\n<p><img decoding=\"async\" class=\"img alignleft wp-image-9920 size-medium\" src=\"\/wp-content\/uploads\/2020\/04\/AGRISECH-300x225.jpg\" alt=\"Tecnova\" width=\"300\" height=\"225\" srcset=\"https:\/\/www.fundaciontecnova.com\/wp-content\/uploads\/2020\/04\/AGRISECH-300x225.jpg 300w, https:\/\/www.fundaciontecnova.com\/wp-content\/uploads\/2020\/04\/AGRISECH-600x450.jpg 600w, https:\/\/www.fundaciontecnova.com\/wp-content\/uploads\/2020\/04\/AGRISECH-768x576.jpg 768w, https:\/\/www.fundaciontecnova.com\/wp-content\/uploads\/2020\/04\/AGRISECH-800x600.jpg 800w, https:\/\/www.fundaciontecnova.com\/wp-content\/uploads\/2020\/04\/AGRISECH-700x525.jpg 700w, https:\/\/www.fundaciontecnova.com\/wp-content\/uploads\/2020\/04\/AGRISECH.jpg 1280w\" sizes=\"(max-width: 300px) 100vw, 300px\" \/>Approuv\u00e9 par l\u2019Agence espagnole de coop\u00e9ration internationale pour le d\u00e9veloppement (AECID), l\u2019objectif de ce projet est de promouvoir le d\u00e9veloppement socio\u00e9conomique de Sechura, une province d\u00e9sertique situ\u00e9e dans la c\u00f4te nord-est du P\u00e9rou, \u00e0 travers la conception et d\u00e9veloppement d\u2019un projet pilote de production sous serre bas\u00e9 sur l\u2019exp\u00e9rience gagn\u00e9e dans le mod\u00e8le Almeria, en prouvant son haut niveau d\u2019efficience pour l\u2019optimisation dans l\u2019emploi des ressources naturelles (eau, sol, \u00e9nergies renouvelables, \u2026) et des intrants agricoles (fertilisants, produits phytosanitaires, \u2026), ainsi que pour l\u2019augmentation des niveaux de performance, productivit\u00e9 et diversification de la production. Le projet, dirig\u00e9 par le CT Tecnova, sera d\u00e9velopp\u00e9 en collaboration avec l\u2019Universit\u00e9 d\u2019Almeria, et son D\u00e9partement des projets d\u2019ing\u00e9nierie, et la Fondation communale San Mart\u00edn de Sechura, avec l\u2019entreprise p\u00e9ruvienne LAL-Laos Aguilar.<\/p>\n<div style=\"clear: both;\"><\/div>\n<p>&nbsp;<\/p>\n<p> <p class=\"wpsm-hide\" style=\"color: #12ae29; font-size: 100%; text-align: left;\"> En lire moins<\/p><\/div><\/div>[\/vc_column_text][vc_separator type=\u00a0\u00bbnormal\u00a0\u00bb][vc_column_text]<\/p>\n<h6>Programme national d\u2019innovation agricole du P\u00e9rou, projets de recherche strat\u00e9gique.<\/h6>\n<div class=\"show_more\"><p class=\"wpsm-show\" style=\"color: #12ae29; font-size: 100%; text-align: left;\"> Lire plus...<\/p><div class=\"wpsm-content\">\n<p>&nbsp;<\/p>\n<h6>\u00abIMPL\u00c9MENTATION DE TECHNIQUES ZERO D\u00c9CHET POUR LA DURABILIT\u00c9 DES PRODUCTEURS DE RAISIN BLANC DE LA R\u00c9GION D\u2019ICA \u2013 UVASANA\u00bb<\/h6>\n<p>&nbsp;<\/p>\n<p><img loading=\"lazy\" decoding=\"async\" class=\"img alignleft wp-image-9922 size-medium\" src=\"\/wp-content\/uploads\/2020\/04\/UVA-SANA-300x225.jpg\" alt=\"Tecnova\" width=\"300\" height=\"225\" srcset=\"https:\/\/www.fundaciontecnova.com\/wp-content\/uploads\/2020\/04\/UVA-SANA-300x225.jpg 300w, https:\/\/www.fundaciontecnova.com\/wp-content\/uploads\/2020\/04\/UVA-SANA-600x450.jpg 600w, https:\/\/www.fundaciontecnova.com\/wp-content\/uploads\/2020\/04\/UVA-SANA-768x576.jpg 768w, https:\/\/www.fundaciontecnova.com\/wp-content\/uploads\/2020\/04\/UVA-SANA-1536x1152.jpg 1536w, https:\/\/www.fundaciontecnova.com\/wp-content\/uploads\/2020\/04\/UVA-SANA-2048x1536.jpg 2048w, https:\/\/www.fundaciontecnova.com\/wp-content\/uploads\/2020\/04\/UVA-SANA-800x600.jpg 800w, https:\/\/www.fundaciontecnova.com\/wp-content\/uploads\/2020\/04\/UVA-SANA-700x525.jpg 700w\" sizes=\"(max-width: 300px) 100vw, 300px\" \/><\/p>\n<p>Ce projet a \u00e9t\u00e9 propos\u00e9 entre le centre technologique p\u00e9ruvien CITE Agroindustrial et Tecnova, dans le cadre de l\u2019appel \u00e0 projets PNIA dans le but de d\u00e9velopper des strat\u00e9gies de contr\u00f4le biologique pour la lutte contre les maladies et ravageurs dans les cultures de raisin \u00e0 consommation en frais et pour la production de Pisco dans la r\u00e9gion d\u2019Ica, ainsi que d\u2019am\u00e9liorer la durabilit\u00e9 de ce syst\u00e8me de production \u00e0 travers la mise en place des techniques agricoles z\u00e9ro d\u00e9chet visant \u00e0 r\u00e9pondre aux soucis environnementaux de la part des consommateurs.<\/p>\n<p>&nbsp;<\/p>\n<p>UVASANA est b\u00e9n\u00e9ficiaire du Programme national d\u2019innovation agricole \u2013 PNIA, sur sa ligne de projets de recherche strat\u00e9gique.<\/p>\n<div style=\"clear: both;\"><\/div>\n<p>&nbsp;<\/p>\n<p> <p class=\"wpsm-hide\" style=\"color: #12ae29; font-size: 100%; text-align: left;\"> En lire moins<\/p><\/div><\/div>[\/vc_column_text][vc_separator type=\u00a0\u00bbnormal\u00a0\u00bb][vc_column_text]<\/p>\n<h6>Maximising sunlight resources for cost, energy and yield efficient greenhouses: SUN4GREEN<\/h6>\n<div class=\"show_more\"><p class=\"wpsm-show\" style=\"color: #12ae29; font-size: 100%; text-align: left;\"> Lire plus...<\/p><div class=\"wpsm-content\">\n<p>&nbsp;<\/p>\n<p><img loading=\"lazy\" decoding=\"async\" class=\"img alignleft wp-image-9930 size-medium\" src=\"\/wp-content\/uploads\/2020\/04\/SUN4GREEN-300x169.jpg\" alt=\"\" width=\"300\" height=\"169\" srcset=\"https:\/\/www.fundaciontecnova.com\/wp-content\/uploads\/2020\/04\/SUN4GREEN-300x169.jpg 300w, https:\/\/www.fundaciontecnova.com\/wp-content\/uploads\/2020\/04\/SUN4GREEN-600x338.jpg 600w, https:\/\/www.fundaciontecnova.com\/wp-content\/uploads\/2020\/04\/SUN4GREEN-768x432.jpg 768w, https:\/\/www.fundaciontecnova.com\/wp-content\/uploads\/2020\/04\/SUN4GREEN-1536x864.jpg 1536w, https:\/\/www.fundaciontecnova.com\/wp-content\/uploads\/2020\/04\/SUN4GREEN-700x394.jpg 700w, https:\/\/www.fundaciontecnova.com\/wp-content\/uploads\/2020\/04\/SUN4GREEN-539x303.jpg 539w, https:\/\/www.fundaciontecnova.com\/wp-content\/uploads\/2020\/04\/SUN4GREEN.jpg 1600w\" sizes=\"(max-width: 300px) 100vw, 300px\" \/>Le Centre technologique Tecnova collabore dans ce projet approuv\u00e9 dans le cadre du programme H2020 de l\u2019Union europ\u00e9enne et qui vise \u00e0 propulser le potentiel innovant des PMEs europ\u00e9ennes \u00e0 travers la validation de ce projet dans son Centre d\u2019exp\u00e9rimentation, o\u00f9 l\u2019on \u00e9valuera le comportement agronomique des cultures de tomate et melon dans un nouveau dessin de serre d\u00e9velopp\u00e9 par l\u2019entreprise Rufepa en collaboration avec l\u2019entreprise iranienne SUNBOOST Ltd. dans le but de maximiser l\u2019efficience \u00e9nerg\u00e9tique des serres en employant la technologie photovolta\u00efque.<\/p>\n<div style=\"clear: both;\"><\/div>\n<p>&nbsp;<\/p>\n<p> <p class=\"wpsm-hide\" style=\"color: #12ae29; font-size: 100%; text-align: left;\"> En lire moins<\/p><\/div><\/div>[\/vc_column_text]<\/div><\/div>[\/vc_column][\/vc_row][vc_row css_animation=\u00a0\u00bb\u00a0\u00bb row_type=\u00a0\u00bbrow\u00a0\u00bb use_row_as_full_screen_section=\u00a0\u00bbno\u00a0\u00bb type=\u00a0\u00bbfull_width\u00a0\u00bb angled_section=\u00a0\u00bbno\u00a0\u00bb text_align=\u00a0\u00bbleft\u00a0\u00bb background_image_as_pattern=\u00a0\u00bbwithout_pattern\u00a0\u00bb][vc_column][vc_empty_space height=\u00a0\u00bb90px\u00a0\u00bb el_class=\u00a0\u00bbblk_spc\u00a0\u00bb][\/vc_column][\/vc_row]<\/p>\n<\/div>","protected":false},"excerpt":{"rendered":"<p>[vc_row css_animation=\u00a0\u00bb\u00a0\u00bb row_type=\u00a0\u00bbrow\u00a0\u00bb use_row_as_full_screen_section=\u00a0\u00bbno\u00a0\u00bb type=\u00a0\u00bbfull_width\u00a0\u00bb angled_section=\u00a0\u00bbno\u00a0\u00bb text_align=\u00a0\u00bbleft\u00a0\u00bb background_image_as_pattern=\u00a0\u00bbwithout_pattern\u00a0\u00bb][vc_column][vc_single_image image=\u00a0\u00bb9080&Prime; img_size=\u00a0\u00bbfull\u00a0\u00bb qode_css_animation=\u00a0\u00bb\u00a0\u00bb][\/vc_column][\/vc_row][vc_row css_animation=\u00a0\u00bb\u00a0\u00bb row_type=\u00a0\u00bbrow\u00a0\u00bb use_row_as_full_screen_section=\u00a0\u00bbno\u00a0\u00bb type=\u00a0\u00bbfull_width\u00a0\u00bb angled_section=\u00a0\u00bbno\u00a0\u00bb text_align=\u00a0\u00bbleft\u00a0\u00bb background_image_as_pattern=\u00a0\u00bbwithout_pattern\u00a0\u00bb][vc_column][vc_empty_space height=\u00a0\u00bb90px\u00a0\u00bb el_class=\u00a0\u00bbblk_spc\u00a0\u00bb][\/vc_column][\/vc_row][vc_row css_animation=\u00a0\u00bb\u00a0\u00bb row_type=\u00a0\u00bbrow\u00a0\u00bb use_row_as_full_screen_section=\u00a0\u00bbno\u00a0\u00bb type=\u00a0\u00bbfull_width\u00a0\u00bb angled_section=\u00a0\u00bbno\u00a0\u00bb text_align=\u00a0\u00bbleft\u00a0\u00bb background_image_as_pattern=\u00a0\u00bbwithout_pattern\u00a0\u00bb el_class=\u00a0\u00bbproyectos\u00a0\u00bb z_index=\u00a0\u00bb\u00a0\u00bb][vc_column][\/vc_column][\/vc_row][vc_row css_animation=\u00a0\u00bb\u00a0\u00bb row_type=\u00a0\u00bbrow\u00a0\u00bb use_row_as_full_screen_section=\u00a0\u00bbno\u00a0\u00bb type=\u00a0\u00bbfull_width\u00a0\u00bb angled_section=\u00a0\u00bbno\u00a0\u00bb text_align=\u00a0\u00bbleft\u00a0\u00bb background_image_as_pattern=\u00a0\u00bbwithout_pattern\u00a0\u00bb][vc_column][vc_empty_space height=\u00a0\u00bb90px\u00a0\u00bb el_class=\u00a0\u00bbblk_spc\u00a0\u00bb][\/vc_column][\/vc_row]<\/p>\n","protected":false},"author":1,"featured_media":0,"parent":0,"menu_order":0,"comment_status":"closed","ping_status":"closed","template":"","meta":{"content-type":"","footnotes":""},"class_list":["post-11028","page","type-page","status-publish","hentry"],"yoast_head":"<!-- This site is optimized with the Yoast SEO plugin v25.6 - https:\/\/yoast.com\/wordpress\/plugins\/seo\/ -->\n<title>Projets R&amp;D &#187; Centro Tecnol\u00f3gico Tecnova<\/title>\n<meta name=\"robots\" content=\"index, follow, max-snippet:-1, max-image-preview:large, max-video-preview:-1\" \/>\n<link rel=\"canonical\" href=\"https:\/\/www.fundaciontecnova.com\/fr\/projets-rd\/\" \/>\n<meta property=\"og:locale\" content=\"fr_FR\" \/>\n<meta property=\"og:type\" content=\"article\" \/>\n<meta property=\"og:title\" content=\"Projets R&amp;D &#187; Centro Tecnol\u00f3gico Tecnova\" \/>\n<meta property=\"og:description\" content=\"[vc_row css_animation=\u00a0\u00bb\u00a0\u00bb row_type=\u00a0\u00bbrow\u00a0\u00bb use_row_as_full_screen_section=\u00a0\u00bbno\u00a0\u00bb type=\u00a0\u00bbfull_width\u00a0\u00bb angled_section=\u00a0\u00bbno\u00a0\u00bb text_align=\u00a0\u00bbleft\u00a0\u00bb background_image_as_pattern=\u00a0\u00bbwithout_pattern\u00a0\u00bb][vc_column][vc_single_image image=\u00a0\u00bb9080&Prime; img_size=\u00a0\u00bbfull\u00a0\u00bb qode_css_animation=\u00a0\u00bb\u00a0\u00bb][\/vc_column][\/vc_row][vc_row css_animation=\u00a0\u00bb\u00a0\u00bb row_type=\u00a0\u00bbrow\u00a0\u00bb use_row_as_full_screen_section=\u00a0\u00bbno\u00a0\u00bb type=\u00a0\u00bbfull_width\u00a0\u00bb angled_section=\u00a0\u00bbno\u00a0\u00bb text_align=\u00a0\u00bbleft\u00a0\u00bb background_image_as_pattern=\u00a0\u00bbwithout_pattern\u00a0\u00bb][vc_column][vc_empty_space height=\u00a0\u00bb90px\u00a0\u00bb el_class=\u00a0\u00bbblk_spc\u00a0\u00bb][\/vc_column][\/vc_row][vc_row css_animation=\u00a0\u00bb\u00a0\u00bb row_type=\u00a0\u00bbrow\u00a0\u00bb use_row_as_full_screen_section=\u00a0\u00bbno\u00a0\u00bb type=\u00a0\u00bbfull_width\u00a0\u00bb angled_section=\u00a0\u00bbno\u00a0\u00bb text_align=\u00a0\u00bbleft\u00a0\u00bb background_image_as_pattern=\u00a0\u00bbwithout_pattern\u00a0\u00bb el_class=\u00a0\u00bbproyectos\u00a0\u00bb z_index=\u00a0\u00bb\u00a0\u00bb][vc_column][\/vc_column][\/vc_row][vc_row css_animation=\u00a0\u00bb\u00a0\u00bb row_type=\u00a0\u00bbrow\u00a0\u00bb use_row_as_full_screen_section=\u00a0\u00bbno\u00a0\u00bb type=\u00a0\u00bbfull_width\u00a0\u00bb angled_section=\u00a0\u00bbno\u00a0\u00bb text_align=\u00a0\u00bbleft\u00a0\u00bb background_image_as_pattern=\u00a0\u00bbwithout_pattern\u00a0\u00bb][vc_column][vc_empty_space height=\u00a0\u00bb90px\u00a0\u00bb el_class=\u00a0\u00bbblk_spc\u00a0\u00bb][\/vc_column][\/vc_row]\" \/>\n<meta property=\"og:url\" content=\"https:\/\/www.fundaciontecnova.com\/fr\/projets-rd\/\" \/>\n<meta property=\"og:site_name\" content=\"Centro Tecnol\u00f3gico Tecnova\" \/>\n<meta property=\"article:modified_time\" content=\"2020-07-16T06:17:21+00:00\" \/>\n<meta name=\"twitter:card\" content=\"summary_large_image\" \/>\n<meta name=\"twitter:label1\" content=\"Dur\u00e9e de lecture estim\u00e9e\" \/>\n\t<meta name=\"twitter:data1\" content=\"31 minutes\" \/>\n<script type=\"application\/ld+json\" class=\"yoast-schema-graph\">{\"@context\":\"https:\/\/schema.org\",\"@graph\":[{\"@type\":\"WebPage\",\"@id\":\"https:\/\/www.fundaciontecnova.com\/fr\/projets-rd\/\",\"url\":\"https:\/\/www.fundaciontecnova.com\/fr\/projets-rd\/\",\"name\":\"Projets R&D &#187; Centro Tecnol\u00f3gico Tecnova\",\"isPartOf\":{\"@id\":\"https:\/\/www.fundaciontecnova.com\/#website\"},\"datePublished\":\"2020-07-16T05:48:03+00:00\",\"dateModified\":\"2020-07-16T06:17:21+00:00\",\"breadcrumb\":{\"@id\":\"https:\/\/www.fundaciontecnova.com\/fr\/projets-rd\/#breadcrumb\"},\"inLanguage\":\"fr-FR\",\"potentialAction\":[{\"@type\":\"ReadAction\",\"target\":[\"https:\/\/www.fundaciontecnova.com\/fr\/projets-rd\/\"]}]},{\"@type\":\"BreadcrumbList\",\"@id\":\"https:\/\/www.fundaciontecnova.com\/fr\/projets-rd\/#breadcrumb\",\"itemListElement\":[{\"@type\":\"ListItem\",\"position\":1,\"name\":\"Portada\",\"item\":\"https:\/\/www.fundaciontecnova.com\/fr\/\"},{\"@type\":\"ListItem\",\"position\":2,\"name\":\"Projets R&#038;D\"}]},{\"@type\":\"WebSite\",\"@id\":\"https:\/\/www.fundaciontecnova.com\/#website\",\"url\":\"https:\/\/www.fundaciontecnova.com\/\",\"name\":\"Centro Tecnol\u00f3gico Tecnova\",\"description\":\"Es el Centro Tecnol\u00f3gico de la Industria Auxiliar, Postcosecha y Envasado hortofrut\u00edcola. Trabaja en I+D+i, formaci\u00f3n, promoci\u00f3n e internacionalizaci\u00f3n\",\"publisher\":{\"@id\":\"https:\/\/www.fundaciontecnova.com\/#organization\"},\"potentialAction\":[{\"@type\":\"SearchAction\",\"target\":{\"@type\":\"EntryPoint\",\"urlTemplate\":\"https:\/\/www.fundaciontecnova.com\/?s={search_term_string}\"},\"query-input\":{\"@type\":\"PropertyValueSpecification\",\"valueRequired\":true,\"valueName\":\"search_term_string\"}}],\"inLanguage\":\"fr-FR\"},{\"@type\":\"Organization\",\"@id\":\"https:\/\/www.fundaciontecnova.com\/#organization\",\"name\":\"Fundaci\u00f3n Tecnova\",\"url\":\"https:\/\/www.fundaciontecnova.com\/\",\"logo\":{\"@type\":\"ImageObject\",\"inLanguage\":\"fr-FR\",\"@id\":\"https:\/\/www.fundaciontecnova.com\/#\/schema\/logo\/image\/\",\"url\":\"https:\/\/www.fundaciontecnova.com\/wp-content\/uploads\/2020\/04\/LOGO.png\",\"contentUrl\":\"https:\/\/www.fundaciontecnova.com\/wp-content\/uploads\/2020\/04\/LOGO.png\",\"width\":591,\"height\":299,\"caption\":\"Fundaci\u00f3n Tecnova\"},\"image\":{\"@id\":\"https:\/\/www.fundaciontecnova.com\/#\/schema\/logo\/image\/\"}}]}<\/script>\n<!-- \/ Yoast SEO plugin. -->","yoast_head_json":{"title":"Projets R&D &#187; Centro Tecnol\u00f3gico Tecnova","robots":{"index":"index","follow":"follow","max-snippet":"max-snippet:-1","max-image-preview":"max-image-preview:large","max-video-preview":"max-video-preview:-1"},"canonical":"https:\/\/www.fundaciontecnova.com\/fr\/projets-rd\/","og_locale":"fr_FR","og_type":"article","og_title":"Projets R&D &#187; Centro Tecnol\u00f3gico Tecnova","og_description":"[vc_row css_animation=\u00a0\u00bb\u00a0\u00bb row_type=\u00a0\u00bbrow\u00a0\u00bb use_row_as_full_screen_section=\u00a0\u00bbno\u00a0\u00bb type=\u00a0\u00bbfull_width\u00a0\u00bb angled_section=\u00a0\u00bbno\u00a0\u00bb text_align=\u00a0\u00bbleft\u00a0\u00bb background_image_as_pattern=\u00a0\u00bbwithout_pattern\u00a0\u00bb][vc_column][vc_single_image image=\u00a0\u00bb9080&Prime; img_size=\u00a0\u00bbfull\u00a0\u00bb qode_css_animation=\u00a0\u00bb\u00a0\u00bb][\/vc_column][\/vc_row][vc_row css_animation=\u00a0\u00bb\u00a0\u00bb row_type=\u00a0\u00bbrow\u00a0\u00bb use_row_as_full_screen_section=\u00a0\u00bbno\u00a0\u00bb type=\u00a0\u00bbfull_width\u00a0\u00bb angled_section=\u00a0\u00bbno\u00a0\u00bb text_align=\u00a0\u00bbleft\u00a0\u00bb background_image_as_pattern=\u00a0\u00bbwithout_pattern\u00a0\u00bb][vc_column][vc_empty_space height=\u00a0\u00bb90px\u00a0\u00bb el_class=\u00a0\u00bbblk_spc\u00a0\u00bb][\/vc_column][\/vc_row][vc_row css_animation=\u00a0\u00bb\u00a0\u00bb row_type=\u00a0\u00bbrow\u00a0\u00bb use_row_as_full_screen_section=\u00a0\u00bbno\u00a0\u00bb type=\u00a0\u00bbfull_width\u00a0\u00bb angled_section=\u00a0\u00bbno\u00a0\u00bb text_align=\u00a0\u00bbleft\u00a0\u00bb background_image_as_pattern=\u00a0\u00bbwithout_pattern\u00a0\u00bb el_class=\u00a0\u00bbproyectos\u00a0\u00bb z_index=\u00a0\u00bb\u00a0\u00bb][vc_column][\/vc_column][\/vc_row][vc_row css_animation=\u00a0\u00bb\u00a0\u00bb row_type=\u00a0\u00bbrow\u00a0\u00bb use_row_as_full_screen_section=\u00a0\u00bbno\u00a0\u00bb type=\u00a0\u00bbfull_width\u00a0\u00bb angled_section=\u00a0\u00bbno\u00a0\u00bb text_align=\u00a0\u00bbleft\u00a0\u00bb background_image_as_pattern=\u00a0\u00bbwithout_pattern\u00a0\u00bb][vc_column][vc_empty_space height=\u00a0\u00bb90px\u00a0\u00bb el_class=\u00a0\u00bbblk_spc\u00a0\u00bb][\/vc_column][\/vc_row]","og_url":"https:\/\/www.fundaciontecnova.com\/fr\/projets-rd\/","og_site_name":"Centro Tecnol\u00f3gico Tecnova","article_modified_time":"2020-07-16T06:17:21+00:00","twitter_card":"summary_large_image","twitter_misc":{"Dur\u00e9e de lecture estim\u00e9e":"31 minutes"},"schema":{"@context":"https:\/\/schema.org","@graph":[{"@type":"WebPage","@id":"https:\/\/www.fundaciontecnova.com\/fr\/projets-rd\/","url":"https:\/\/www.fundaciontecnova.com\/fr\/projets-rd\/","name":"Projets R&D &#187; Centro Tecnol\u00f3gico Tecnova","isPartOf":{"@id":"https:\/\/www.fundaciontecnova.com\/#website"},"datePublished":"2020-07-16T05:48:03+00:00","dateModified":"2020-07-16T06:17:21+00:00","breadcrumb":{"@id":"https:\/\/www.fundaciontecnova.com\/fr\/projets-rd\/#breadcrumb"},"inLanguage":"fr-FR","potentialAction":[{"@type":"ReadAction","target":["https:\/\/www.fundaciontecnova.com\/fr\/projets-rd\/"]}]},{"@type":"BreadcrumbList","@id":"https:\/\/www.fundaciontecnova.com\/fr\/projets-rd\/#breadcrumb","itemListElement":[{"@type":"ListItem","position":1,"name":"Portada","item":"https:\/\/www.fundaciontecnova.com\/fr\/"},{"@type":"ListItem","position":2,"name":"Projets R&#038;D"}]},{"@type":"WebSite","@id":"https:\/\/www.fundaciontecnova.com\/#website","url":"https:\/\/www.fundaciontecnova.com\/","name":"Centro Tecnol\u00f3gico Tecnova","description":"Es el Centro Tecnol\u00f3gico de la Industria Auxiliar, Postcosecha y Envasado hortofrut\u00edcola. Trabaja en I+D+i, formaci\u00f3n, promoci\u00f3n e internacionalizaci\u00f3n","publisher":{"@id":"https:\/\/www.fundaciontecnova.com\/#organization"},"potentialAction":[{"@type":"SearchAction","target":{"@type":"EntryPoint","urlTemplate":"https:\/\/www.fundaciontecnova.com\/?s={search_term_string}"},"query-input":{"@type":"PropertyValueSpecification","valueRequired":true,"valueName":"search_term_string"}}],"inLanguage":"fr-FR"},{"@type":"Organization","@id":"https:\/\/www.fundaciontecnova.com\/#organization","name":"Fundaci\u00f3n Tecnova","url":"https:\/\/www.fundaciontecnova.com\/","logo":{"@type":"ImageObject","inLanguage":"fr-FR","@id":"https:\/\/www.fundaciontecnova.com\/#\/schema\/logo\/image\/","url":"https:\/\/www.fundaciontecnova.com\/wp-content\/uploads\/2020\/04\/LOGO.png","contentUrl":"https:\/\/www.fundaciontecnova.com\/wp-content\/uploads\/2020\/04\/LOGO.png","width":591,"height":299,"caption":"Fundaci\u00f3n Tecnova"},"image":{"@id":"https:\/\/www.fundaciontecnova.com\/#\/schema\/logo\/image\/"}}]}},"_links":{"self":[{"href":"https:\/\/www.fundaciontecnova.com\/fr\/wp-json\/wp\/v2\/pages\/11028","targetHints":{"allow":["GET"]}}],"collection":[{"href":"https:\/\/www.fundaciontecnova.com\/fr\/wp-json\/wp\/v2\/pages"}],"about":[{"href":"https:\/\/www.fundaciontecnova.com\/fr\/wp-json\/wp\/v2\/types\/page"}],"author":[{"embeddable":true,"href":"https:\/\/www.fundaciontecnova.com\/fr\/wp-json\/wp\/v2\/users\/1"}],"replies":[{"embeddable":true,"href":"https:\/\/www.fundaciontecnova.com\/fr\/wp-json\/wp\/v2\/comments?post=11028"}],"version-history":[{"count":3,"href":"https:\/\/www.fundaciontecnova.com\/fr\/wp-json\/wp\/v2\/pages\/11028\/revisions"}],"predecessor-version":[{"id":11031,"href":"https:\/\/www.fundaciontecnova.com\/fr\/wp-json\/wp\/v2\/pages\/11028\/revisions\/11031"}],"wp:attachment":[{"href":"https:\/\/www.fundaciontecnova.com\/fr\/wp-json\/wp\/v2\/media?parent=11028"}],"curies":[{"name":"wp","href":"https:\/\/api.w.org\/{rel}","templated":true}]}}